{"id":26421,"date":"2022-09-14T17:21:26","date_gmt":"2022-09-14T15:21:26","guid":{"rendered":"https:\/\/www.arqis.com\/?page_id=26421"},"modified":"2024-03-01T13:38:41","modified_gmt":"2024-03-01T12:38:41","slug":"arqis-reduces-carbon-footprint","status":"publish","type":"page","link":"https:\/\/www.arqis.com\/en\/arqis-kompensiert-co2-fussabdruck\/","title":{"rendered":"ARQIS kompensiert CO2-Fu\u00dfabdruck"},"content":{"rendered":"<div id=\"cmp07-block_06b221fc4fe9b8d7b146f39c6d87d1e5\" class=\"cmp07 image-article header-intro-text\">\n    <section id=\"header\">\n        <div class=\"container\">\n            <div class=\"row scrollreveal position-relative pb-0\">\n                <div class=\"col-12 col-lg-7 col-xl-8\">\n                                        <h1 class=\"title\">ARQIS kompensiert CO2-Fu\u00dfabdruck<\/h1>\n                <\/div>\n                <div class=\"subnav\">\n                                            <div class=\"group-leader-image filter-none\"><div class=\"filter-none\" style=\"background-image: url(https:\/\/www.arqis.com\/wp-content\/uploads\/2024\/01\/230104_ClimatePartner_2022-aspect-ratio-440-350.png);\"><\/div><\/div>\n                                        <div class=\"navpoints\">\n                        <div class=\"header\"><a href=\"#header\">ARQIS kompensiert CO2-Fu\u00dfabdruck<\/a><\/div>\n                        <div class=\"content\">Themen<\/div>\n                        <div class=\"contents\">\n\n                        <\/div>\n                    <\/div>\n                <\/div>\n            <\/div>\n        <\/div>\n    <\/section>\n\n    <!---Share Links -->\n    <\/div>\n\n    <section class=\"header-intro section-padding\">\n        <div class=\"container\">\n            <div class=\"row scrollreveal\">\n                <div class=\"col-12 offset-lg-1 col-lg-6\">\n                                        <div class=\"description\">\n                        <p>We obtained a very detailed picture of our CO<sub>2<\/sub>-Fu\u00dfabdruck f\u00fcr die Jahre 2020 bis 2022 sehr detailliert ermittelt.<\/p>\n<p>In diesem monatelangen Prozess haben wir viel \u00fcber unsere CO<sub>2<\/sub>Our law firm\u2019s total carbon footprint for 2020 and 2021 is exactly 2,649 tonnes of CO2.<\/p>\n                    <\/div>\n                <\/div>\n            <\/div>\n        <\/div>\n    <\/section>\n\n\n\n<div id=\"txt01-block_563627f44de51db0827724c3b5e0542a\" class=\"txt01 is-style-default zierelement-none acf\/txt01\" >\n    <section>\n        <div class=\"container position-relative\">\n\n                            <div class=\"row scrollreveal\">\n                    <div class=\"col-12 col-lg-8 offset-lg-1\">\n                                                    <div class=\"topline\">\n                                2020 und 2021                            <\/div>\n                                                                    <\/div>\n                <\/div>\n                        <div class=\"row scrollreveal\">\n                <div class=\"col-12 col-lg-8 offset-lg-1\">\n                    <p>Der Fu\u00dfabdruck der Soziet\u00e4t f\u00fcr die Jahre 2020 und 2021 betrug genau 2.649 Tonnen CO<sub>2<\/sub>. Um dies zu reduzieren, hat ARQIS in handverlesene Projekte, bei denen CO<sub>2 <\/sub>eingespart wird, investiert. Neben dem Erreichen von reduzierten oder beseitigten Emissionen tragen Kompensationsprojekte zu einer Reihe von nachhaltigen Entwicklungszielen bei, die \u00f6kologischer, \u00f6konomischer oder sozialer Natur sein k\u00f6nnen.<\/p>\n<p>Uns war bewusst, dass der Fokus von diesem Zeitpunkt an auf der stetigen Reduktion unseres CO<sub>2<\/sub>until we no longer need to compensate at all. Reduction before compensation. To this end, we have founded the <strong>ARQIS GreenTeam<\/strong> , which will permanently drive forward small and large improvement measures. As a service provider, we still have it comparatively easy here, but even for us, complete reduction is an immense challenge. Decarbonization will be a huge project, as we can already tell.<\/p>\n                                                        <\/div>\n            <\/div>\n                    <\/div>\n    <\/section>\n<\/div>\n\n<div id=\"tni01-block_bb173e344e4d90330457ec1c86883e35\" class=\"tni01 mirrored zierelement-blue acf\/tni01 section-img-top\" >\n    <section>\n        <div class=\"container\">\n            <div class=\"row\">\n                                    <div class=\"col-lg-4 offset-lg-1 scrollreveal position-relative z-index-2\">\n                        <img loading=\"lazy\" decoding=\"async\" width=\"640\" height=\"807\" src=\"https:\/\/www.arqis.com\/wp-content\/uploads\/2024\/01\/ARQIS_ClimatePartner_2024-aspect-ratio-357-450-812x1024.png\" class=\"filter-stufe-1\" alt=\"\" srcset=\"https:\/\/www.arqis.com\/wp-content\/uploads\/2024\/01\/ARQIS_ClimatePartner_2024-aspect-ratio-357-450-812x1024.png 812w, https:\/\/www.arqis.com\/wp-content\/uploads\/2024\/01\/ARQIS_ClimatePartner_2024-aspect-ratio-357-450-238x300.png 238w, https:\/\/www.arqis.com\/wp-content\/uploads\/2024\/01\/ARQIS_ClimatePartner_2024-aspect-ratio-357-450-768x969.png 768w, https:\/\/www.arqis.com\/wp-content\/uploads\/2024\/01\/ARQIS_ClimatePartner_2024-aspect-ratio-357-450-10x12.png 10w, https:\/\/www.arqis.com\/wp-content\/uploads\/2024\/01\/ARQIS_ClimatePartner_2024-aspect-ratio-357-450-634x800.png 634w, https:\/\/www.arqis.com\/wp-content\/uploads\/2024\/01\/ARQIS_ClimatePartner_2024-aspect-ratio-357-450.png 1048w\" sizes=\"auto, (max-width: 640px) 100vw, 640px\" \/>                    <\/div>\n                    <div class=\"col-12 col-lg-6 position-relative z-index-1\">\n                        <div class=\"scrollreveal position-relative\">\n                                                            <div class=\"topline\">\n                                    2022                                <\/div>\n                                                                                    <p>Gemeinsam mit ClimatePartner haben wir unseren CO\u2082-Fu\u00dfabdruck auch f\u00fcr das Jahr 2022 analysiert. Unser Fu\u00dfabdruck ist geringer als im Vorjahr, unsere Reduktionsma\u00dfnahmen entfalten also eine Wirkung.<br \/>\nDen verbleibenden Fu\u00dfabdruck haben wir durch die Unterst\u00fctzung von zertifizierten Klimaschutzprojekten vollst\u00e4ndig kompensiert.<\/p>\n<p>Ein weiterer Schritt in Richtung Nachhaltigkeit.<\/p>\n                        <\/div>\n\n                                                    <div class=\"row scrollreveal mt-0 mt-lg-4\">\n                                \n                                                                    <div class=\"col-12\">\n                                        <a class=\"cta-link button button--ghost\"\n                                                     href=\"https:\/\/fpm.climatepartner.com\/tracking\/24650-2312-1001\/de\"\n                                                     >Read here<\/a>                                    <\/div>\n                                                            <\/div>\n                                            <\/div>\n                            <\/div>\n        <\/div>\n    <\/section>\n<\/div>\n\n<div id=\"spr01-block_0cc2081bd8558d390494da14737d77dd\" class=\"spr01\" >\n    <section>\n        <div class=\"container\">\n            <div class=\"row\">\n                <div class=\"col-12 spacer-size-50\">\n\n                <\/div>\n            <\/div>\n        <\/div>\n    <\/section>\n<\/div>\n\n\n<div id=\"txt01-block_f7a765cc0dd8b7789b61a94c5befd6be\" class=\"txt01 zierelement-none acf\/txt01\" >\n    <section>\n        <div class=\"container position-relative\">\n\n                            <div class=\"row scrollreveal\">\n                    <div class=\"col-12 col-lg-8 offset-lg-1\">\n                                                    <div class=\"topline\">\n                                Klimaschutzprojekt + Baumpflanzung                            <\/div>\n                                                                    <\/div>\n                <\/div>\n                        <div class=\"row scrollreveal\">\n                <div class=\"col-12 col-lg-8 offset-lg-1\">\n                    <p><strong>1 t CO\u2082 + 1 Baum,<br \/>\n<\/strong><strong>International + Deutschland<\/strong><\/p>\n<p>Pro Tonne CO<sub>2<\/sub>, die durch den Beitrag \u00fcber das zertifizierte Klimaschutzprojekt eingespart wird, pflanzt ClimatePartner einen Baum in Deutschland. Auf diese Weise wird der Umbau von strukturarmen Waldbest\u00e4nden und Monokulturen in widerstandsf\u00e4higere Mischw\u00e4lder gef\u00f6rdert.<\/p>\n<p>Hier finden Sie mehr Informationen zu den Klimaschutzprojekten, die wir unterst\u00fctzen.<\/p>\n                                                        <\/div>\n            <\/div>\n                            <div class=\"row scrollreveal mt-4 mt-lg-5\">\n                    <div class=\"col-12 col-lg-6 offset-lg-1\">\n                        <div class=\"row\">\n                            \n                                                        <div class=\"col-12\">\n                                <a class=\"cta-link button button--ghost\" href=\"https:\/\/fpm.climatepartner.com\/tracking\/project\/24650-2312-1001\/1111\/de\" >Read here<\/a>                            <\/div>\n                                                    <\/div>\n                    <\/div>\n                <\/div>\n                    <\/div>\n    <\/section>\n<\/div>\n\n<div id=\"tni01-block_2e2861110c61fb763619463c00941a80\" class=\"tni01 zierelement-blue acf\/tni01 section-img-top\" >\n    <section>\n        <div class=\"container\">\n            <div class=\"row\">\n                                    <div class=\"col-12 col-lg-6 offset-lg-1 order-last order-lg-first position-relative z-index-1\">\n                        <div class=\"scrollreveal position-relative\">\n                                                            <div class=\"topline\">\n                                    In Zukunft                                <\/div>\n                                                                                    <p class=\"translation-block\">Over the next century the global economy will depend to a great extent on the removal of CO2 from our atmosphere. For that reason companies will have to increase their carbon offset activities to ensure that we are climate neutral by 2050. If they fail, it will be impossible to achieve the Paris Agreement objectives.<\/p>\n<p class=\"translation-block\">New carbon capture technologies are still at an early stage of development and not yet scalable, which means the price per tonne of CO<sub>2<\/sub> is very high. Investments in these projects are essential to lower the cost curve as quickly as possible.<\/p>\n<p>Mithilfe des GreenTeams wird ARQIS weiterhin Klimaprojekte unterst\u00fctzen, um Emissionen zu reduzieren und langfristig zu kompensieren.<br \/>\nDies ist erst der Anfang zu einem langfristig CO<sub>2<\/sub>carbon neutrality.<\/p>\n                        <\/div>\n\n                                            <\/div>\n                    <div class=\"col-lg-4 scrollreveal order-first order-lg-last position-relative z-index-2\">\n                        <img loading=\"lazy\" decoding=\"async\" width=\"640\" height=\"807\" src=\"https:\/\/www.arqis.com\/wp-content\/uploads\/2024\/01\/etearq_create_an_hyperrealistic_image_of_a_economical_footprint_084025a3-60fc-4c5d-b351-8a850f772291-aspect-ratio-357-450.png\" class=\"filter-none\" alt=\"\" srcset=\"https:\/\/www.arqis.com\/wp-content\/uploads\/2024\/01\/etearq_create_an_hyperrealistic_image_of_a_economical_footprint_084025a3-60fc-4c5d-b351-8a850f772291-aspect-ratio-357-450.png 812w, https:\/\/www.arqis.com\/wp-content\/uploads\/2024\/01\/etearq_create_an_hyperrealistic_image_of_a_economical_footprint_084025a3-60fc-4c5d-b351-8a850f772291-aspect-ratio-357-450-238x300.png 238w, https:\/\/www.arqis.com\/wp-content\/uploads\/2024\/01\/etearq_create_an_hyperrealistic_image_of_a_economical_footprint_084025a3-60fc-4c5d-b351-8a850f772291-aspect-ratio-357-450-768x969.png 768w, https:\/\/www.arqis.com\/wp-content\/uploads\/2024\/01\/etearq_create_an_hyperrealistic_image_of_a_economical_footprint_084025a3-60fc-4c5d-b351-8a850f772291-aspect-ratio-357-450-10x12.png 10w, https:\/\/www.arqis.com\/wp-content\/uploads\/2024\/01\/etearq_create_an_hyperrealistic_image_of_a_economical_footprint_084025a3-60fc-4c5d-b351-8a850f772291-aspect-ratio-357-450-634x800.png 634w\" sizes=\"auto, (max-width: 640px) 100vw, 640px\" \/>                    <\/div>\n                            <\/div>\n        <\/div>\n    <\/section>\n<\/div>\n\n<div id=\"spr01-block_0cc2081bd8558d390494da14737d77dd\" class=\"spr01\" >\n    <section>\n        <div class=\"container\">\n            <div class=\"row\">\n                <div class=\"col-12 spacer-size-50\">\n\n                <\/div>\n            <\/div>\n        <\/div>\n    <\/section>\n<\/div>\n\n<div id=\"tsr01-block_7c6662a80d6ccf35dd92f8d24a8290f5\" class=\"tsr01 acf\/tsr01\" >\n    <section>\n                <div class=\"container-fluid container-md\">\n            <div class=\"row position-relative scrollreveal\">\n                                    <div class=\"col-12 col-md-5 align-self-center\">\n                        <div class=\"content-wrapper\">\n                            <img loading=\"lazy\" decoding=\"async\" src=\"https:\/\/www.arqis.com\/wp-content\/uploads\/2024\/03\/Legal-500-Germany-Awards-Winner_ESG-aspect-ratio-459-300.jpg\" alt=\"\" class=\"filter-none\" width=\"1042\" height=\"681\" \/>                        <\/div>\n                    <\/div>\n                    <div class=\"col-12 col-md-6 align-self-center\">\n                        <div class=\"content-wrapper\">\n                            <h3 class=\"title\">The Legal 500 Germany Awards 2024: ARQIS is \u201cESG Firm of the Year\u201d<\/h3>\n                            <div class=\"description\">\n                                <p>ARQIS wins the first The Legal 500 Germany Awards 2024 and is honoured as \u201cESG Firm of the Year\u201d. The team led by Dr Friedrich Gebert, Head of the Regulatory focus group, received the award on stage ...<\/p>\n                            <\/div>\n                                                            <div class=\"row\">\n                                    <div class=\"col-12 col-md-6\">\n                                                                                    <a href=\"https:\/\/www.arqis.com\/en\/news\/the-legal-500-germany-awards-2024\/\" class=\"tsrbutton button button--ghost\">Read here<\/a>                                                                            <\/div>\n                                    <div class=\"col-12 col-md-6\">\n                                                                            <\/div>\n                                <\/div>\n                                                    <\/div>\n                    <\/div>\n                            <\/div>\n        <\/div>\n    <\/section>\n<\/div>\n\n<div id=\"spr01-block_0cc2081bd8558d390494da14737d77dd\" class=\"spr01\" >\n    <section>\n        <div class=\"container\">\n            <div class=\"row\">\n                <div class=\"col-12 spacer-size-50\">\n\n                <\/div>\n            <\/div>\n        <\/div>\n    <\/section>\n<\/div>\n\n<div id=\"cta07-block_99b39b2f5b21ffeef1cd3f6c3bdd4557\" class=\"cta07 acf\/cta07\" >\n    <section class=\"scrollreveal\">\n        <div class=\"container\">\n            <div class=\"row\">\n                <div class=\"col-12 col-md-7\">\n                                            <h2 class=\"title hyphens\">How can we support you?<\/h2>\n                                        <div class=\"cta-description\">\n                        <p>If you have any questions, please feel free to mail us.<\/p>\n                    <\/div>\n                <\/div>\n                <div class=\"col-12 col-md-5 cta-align-down\">\n                                            <a href=\"mailto:arqis@arqis.com\" class=\"button button--ghost\">Contact us<\/a>                                    <\/div>\n            <\/div>\n        <\/div>\n    <\/section>\n<\/div>","protected":false},"excerpt":{"rendered":"","protected":false},"author":23,"featured_media":36836,"parent":0,"menu_order":0,"comment_status":"closed","ping_status":"closed","template":"darkpage.php","meta":{"_acf_changed":false,"footnotes":""},"class_list":["post-26421","page","type-page","status-publish","has-post-thumbnail","hentry"],"acf":[],"yoast_head":"<!-- This site is optimized with the Yoast SEO plugin v27.5 - https:\/\/yoast.com\/product\/yoast-seo-wordpress\/ -->\n<title>ARQIS kompensiert CO2-Fu\u00dfabdruck - ARQIS<\/title>\n<meta name=\"description\" content=\"Wir haben unseren CO2-Fu\u00dfabdruck f\u00fcr die Jahre 2020 und 2021 sehr detailliert ermittelt. In diesem monatelangen Prozess...\" \/>\n<meta name=\"robots\" content=\"index, follow, max-snippet:-1, max-image-preview:large, max-video-preview:-1\" \/>\n<link rel=\"canonical\" href=\"https:\/\/www.arqis.com\/en\/arqis-reduces-carbon-footprint\/\" \/>\n<meta property=\"og:locale\" content=\"en_US\" \/>\n<meta property=\"og:type\" content=\"article\" \/>\n<meta property=\"og:title\" content=\"ARQIS kompensiert CO2-Fu\u00dfabdruck - ARQIS\" \/>\n<meta property=\"og:description\" content=\"Wir haben unseren CO2-Fu\u00dfabdruck f\u00fcr die Jahre 2020 und 2021 sehr detailliert ermittelt. In diesem monatelangen Prozess...\" \/>\n<meta property=\"og:url\" content=\"https:\/\/www.arqis.com\/en\/arqis-reduces-carbon-footprint\/\" \/>\n<meta property=\"og:site_name\" content=\"ARQIS\" \/>\n<meta property=\"article:modified_time\" content=\"2024-03-01T12:38:41+00:00\" \/>\n<meta property=\"og:image\" content=\"https:\/\/www.arqis.com\/wp-content\/uploads\/2024\/01\/230104_ClimatePartner_2022.png\" \/>\n\t<meta property=\"og:image:width\" content=\"1080\" \/>\n\t<meta property=\"og:image:height\" content=\"1080\" \/>\n\t<meta property=\"og:image:type\" content=\"image\/png\" \/>\n<meta name=\"twitter:card\" content=\"summary_large_image\" \/>\n<script type=\"application\/ld+json\" class=\"yoast-schema-graph\">{\"@context\":\"https:\\\/\\\/schema.org\",\"@graph\":[{\"@type\":\"WebPage\",\"@id\":\"https:\\\/\\\/www.arqis.com\\\/arqis-kompensiert-co2-fussabdruck\\\/\",\"url\":\"https:\\\/\\\/www.arqis.com\\\/arqis-kompensiert-co2-fussabdruck\\\/\",\"name\":\"ARQIS kompensiert CO2-Fu\u00dfabdruck - ARQIS\",\"isPartOf\":{\"@id\":\"https:\\\/\\\/www.arqis.com\\\/#website\"},\"primaryImageOfPage\":{\"@id\":\"https:\\\/\\\/www.arqis.com\\\/arqis-kompensiert-co2-fussabdruck\\\/#primaryimage\"},\"image\":{\"@id\":\"https:\\\/\\\/www.arqis.com\\\/arqis-kompensiert-co2-fussabdruck\\\/#primaryimage\"},\"thumbnailUrl\":\"https:\\\/\\\/www.arqis.com\\\/wp-content\\\/uploads\\\/2024\\\/01\\\/230104_ClimatePartner_2022.png\",\"datePublished\":\"2022-09-14T15:21:26+00:00\",\"dateModified\":\"2024-03-01T12:38:41+00:00\",\"description\":\"Wir haben unseren CO2-Fu\u00dfabdruck f\u00fcr die Jahre 2020 und 2021 sehr detailliert ermittelt. In diesem monatelangen Prozess...\",\"breadcrumb\":{\"@id\":\"https:\\\/\\\/www.arqis.com\\\/arqis-kompensiert-co2-fussabdruck\\\/#breadcrumb\"},\"inLanguage\":\"en-US\",\"potentialAction\":[{\"@type\":\"ReadAction\",\"target\":[\"https:\\\/\\\/www.arqis.com\\\/arqis-kompensiert-co2-fussabdruck\\\/\"]}]},{\"@type\":\"ImageObject\",\"inLanguage\":\"en-US\",\"@id\":\"https:\\\/\\\/www.arqis.com\\\/arqis-kompensiert-co2-fussabdruck\\\/#primaryimage\",\"url\":\"https:\\\/\\\/www.arqis.com\\\/wp-content\\\/uploads\\\/2024\\\/01\\\/230104_ClimatePartner_2022.png\",\"contentUrl\":\"https:\\\/\\\/www.arqis.com\\\/wp-content\\\/uploads\\\/2024\\\/01\\\/230104_ClimatePartner_2022.png\",\"width\":1080,\"height\":1080},{\"@type\":\"BreadcrumbList\",\"@id\":\"https:\\\/\\\/www.arqis.com\\\/arqis-kompensiert-co2-fussabdruck\\\/#breadcrumb\",\"itemListElement\":[{\"@type\":\"ListItem\",\"position\":1,\"name\":\"Home\",\"item\":\"https:\\\/\\\/www.arqis.com\\\/\"},{\"@type\":\"ListItem\",\"position\":2,\"name\":\"ARQIS kompensiert CO2-Fu\u00dfabdruck\"}]},{\"@type\":\"WebSite\",\"@id\":\"https:\\\/\\\/www.arqis.com\\\/#website\",\"url\":\"https:\\\/\\\/www.arqis.com\\\/\",\"name\":\"ARQIS\",\"description\":\"Law\",\"potentialAction\":[{\"@type\":\"SearchAction\",\"target\":{\"@type\":\"EntryPoint\",\"urlTemplate\":\"https:\\\/\\\/www.arqis.com\\\/?s={search_term_string}\"},\"query-input\":{\"@type\":\"PropertyValueSpecification\",\"valueRequired\":true,\"valueName\":\"search_term_string\"}}],\"inLanguage\":\"en-US\"}]}<\/script>\n<!-- \/ Yoast SEO plugin. -->","yoast_head_json":{"title":"ARQIS kompensiert CO2-Fu\u00dfabdruck - ARQIS","description":"Wir haben unseren CO2-Fu\u00dfabdruck f\u00fcr die Jahre 2020 und 2021 sehr detailliert ermittelt. In diesem monatelangen Prozess...","robots":{"index":"index","follow":"follow","max-snippet":"max-snippet:-1","max-image-preview":"max-image-preview:large","max-video-preview":"max-video-preview:-1"},"canonical":"https:\/\/www.arqis.com\/en\/arqis-reduces-carbon-footprint\/","og_locale":"en_US","og_type":"article","og_title":"ARQIS kompensiert CO2-Fu\u00dfabdruck - ARQIS","og_description":"Wir haben unseren CO2-Fu\u00dfabdruck f\u00fcr die Jahre 2020 und 2021 sehr detailliert ermittelt. In diesem monatelangen Prozess...","og_url":"https:\/\/www.arqis.com\/en\/arqis-reduces-carbon-footprint\/","og_site_name":"ARQIS","article_modified_time":"2024-03-01T12:38:41+00:00","og_image":[{"width":1080,"height":1080,"url":"https:\/\/www.arqis.com\/wp-content\/uploads\/2024\/01\/230104_ClimatePartner_2022.png","type":"image\/png"}],"twitter_card":"summary_large_image","schema":{"@context":"https:\/\/schema.org","@graph":[{"@type":"WebPage","@id":"https:\/\/www.arqis.com\/arqis-kompensiert-co2-fussabdruck\/","url":"https:\/\/www.arqis.com\/arqis-kompensiert-co2-fussabdruck\/","name":"ARQIS kompensiert CO2-Fu\u00dfabdruck - ARQIS","isPartOf":{"@id":"https:\/\/www.arqis.com\/#website"},"primaryImageOfPage":{"@id":"https:\/\/www.arqis.com\/arqis-kompensiert-co2-fussabdruck\/#primaryimage"},"image":{"@id":"https:\/\/www.arqis.com\/arqis-kompensiert-co2-fussabdruck\/#primaryimage"},"thumbnailUrl":"https:\/\/www.arqis.com\/wp-content\/uploads\/2024\/01\/230104_ClimatePartner_2022.png","datePublished":"2022-09-14T15:21:26+00:00","dateModified":"2024-03-01T12:38:41+00:00","description":"Wir haben unseren CO2-Fu\u00dfabdruck f\u00fcr die Jahre 2020 und 2021 sehr detailliert ermittelt. In diesem monatelangen Prozess...","breadcrumb":{"@id":"https:\/\/www.arqis.com\/arqis-kompensiert-co2-fussabdruck\/#breadcrumb"},"inLanguage":"en-US","potentialAction":[{"@type":"ReadAction","target":["https:\/\/www.arqis.com\/arqis-kompensiert-co2-fussabdruck\/"]}]},{"@type":"ImageObject","inLanguage":"en-US","@id":"https:\/\/www.arqis.com\/arqis-kompensiert-co2-fussabdruck\/#primaryimage","url":"https:\/\/www.arqis.com\/wp-content\/uploads\/2024\/01\/230104_ClimatePartner_2022.png","contentUrl":"https:\/\/www.arqis.com\/wp-content\/uploads\/2024\/01\/230104_ClimatePartner_2022.png","width":1080,"height":1080},{"@type":"BreadcrumbList","@id":"https:\/\/www.arqis.com\/arqis-kompensiert-co2-fussabdruck\/#breadcrumb","itemListElement":[{"@type":"ListItem","position":1,"name":"Home","item":"https:\/\/www.arqis.com\/"},{"@type":"ListItem","position":2,"name":"ARQIS kompensiert CO2-Fu\u00dfabdruck"}]},{"@type":"WebSite","@id":"https:\/\/www.arqis.com\/#website","url":"https:\/\/www.arqis.com\/","name":"ARQIS","description":"Law","potentialAction":[{"@type":"SearchAction","target":{"@type":"EntryPoint","urlTemplate":"https:\/\/www.arqis.com\/?s={search_term_string}"},"query-input":{"@type":"PropertyValueSpecification","valueRequired":true,"valueName":"search_term_string"}}],"inLanguage":"en-US"}]}},"_links":{"self":[{"href":"https:\/\/www.arqis.com\/en\/wp-json\/wp\/v2\/pages\/26421","targetHints":{"allow":["GET"]}}],"collection":[{"href":"https:\/\/www.arqis.com\/en\/wp-json\/wp\/v2\/pages"}],"about":[{"href":"https:\/\/www.arqis.com\/en\/wp-json\/wp\/v2\/types\/page"}],"author":[{"embeddable":true,"href":"https:\/\/www.arqis.com\/en\/wp-json\/wp\/v2\/users\/23"}],"replies":[{"embeddable":true,"href":"https:\/\/www.arqis.com\/en\/wp-json\/wp\/v2\/comments?post=26421"}],"version-history":[{"count":32,"href":"https:\/\/www.arqis.com\/en\/wp-json\/wp\/v2\/pages\/26421\/revisions"}],"predecessor-version":[{"id":37448,"href":"https:\/\/www.arqis.com\/en\/wp-json\/wp\/v2\/pages\/26421\/revisions\/37448"}],"wp:featuredmedia":[{"embeddable":true,"href":"https:\/\/www.arqis.com\/en\/wp-json\/wp\/v2\/media\/36836"}],"wp:attachment":[{"href":"https:\/\/www.arqis.com\/en\/wp-json\/wp\/v2\/media?parent=26421"}],"curies":[{"name":"wp","href":"https:\/\/api.w.org\/{rel}","templated":true}]}}