{"id":13366,"date":"2021-03-30T09:41:02","date_gmt":"2021-03-30T07:41:02","guid":{"rendered":"https:\/\/www.arqis.com\/?page_id=13366"},"modified":"2025-10-05T20:04:53","modified_gmt":"2025-10-05T18:04:53","slug":"privacy-notice","status":"publish","type":"page","link":"https:\/\/www.arqis.com\/en\/datenschutzerklarung\/","title":{"rendered":"Privacy Notice"},"content":{"rendered":"<div id=\"cmp07-block_65f3dd5a53dbaa470db1efd81b805e34\" class=\"cmp07\">\n    <section id=\"header\">\n        <div class=\"container\">\n            <div class=\"row scrollreveal position-relative pb-0\">\n                <div class=\"col-12 col-lg-7 col-xl-8\">\n                                            <div class=\"topline\">\n                            Stand April 2024                        <\/div>\n                                        <h1 class=\"title\">Datenschutzerkl\u00e4rung<\/h1>\n                <\/div>\n                <div class=\"subnav\">\n                                        <div class=\"navpoints \">\n                        <div class=\"header\"><a href=\"#header\">Datenschutzerkl\u00e4rung<\/a><\/div>\n                        <div class=\"content\">Themen<\/div>\n                        <div class=\"contents\">\n\n                        <\/div>\n                    <\/div>\n                <\/div>\n            <\/div>\n        <\/div>\n    <\/section>\n\n    <!---Share Links -->\n    <\/div>\n\n\n\n<div id=\"spr01-block_ba654dcfa6781d51ddb95580e54cd51b\" class=\"spr01\" >\n    <section>\n        <div class=\"container\">\n            <div class=\"row\">\n                <div class=\"col-12 spacer-size-150\">\n\n                <\/div>\n            <\/div>\n        <\/div>\n    <\/section>\n<\/div>\n\n<div id=\"txt03-block_9a9a221b830ea3b8458b9f88c76f6a22\" class=\"txt03 toc zierelement-none acf\/txt03\"  data-toctitle=\"I. Name und Anschrift des Datenschutzbeauftragten des Verantwortlichen\">\n    <section>\n        <div class=\"container position-relative\">\n\n            <div class=\"row scrollreveal\">\n                <div class=\"col-12 col-lg-8 offset-lg-1\">\n                                        <h4><strong>I. Name und Anschrift des Verantwortlichen<\/strong><\/h4>\n<p>Der Verantwortliche im Sinne der Datenschutz-Grundverordnung und anderer nationaler<br \/>\nDatenschutzgesetze der Mitgliedstaaten sowie sonstiger datenschutzrechtlicher Bestimmungen ist die:<\/p>\n<p>ARQIS<br \/>\nPartnerschaftsgesellschaft mbB<br \/>\nBreite Stra\u00dfe 28<br \/>\n40213 D\u00fcsseldorf, Deutschland<br \/>\nT +49 211 13069-000<br \/>\nF +49 211 13069-099<br \/>\nARQIS@ARQIS.com<br \/>\nwww.ARQIS.com<\/p>\n<div id=\"txt03-block_cc6c2ee1c2373259f6ffc05e486f1245\" class=\"txt03 toc zierelement-none acf\/txt03\" data-toctitle=\"II. Name and address of the controller\u2019s data protection officer\">\n<section>\n<div class=\"container position-relative\">\n<div class=\"row scrollreveal\" data-sr-id=\"3\">\n<div class=\"col-12 col-lg-8 offset-lg-1\"><\/div>\n<\/div>\n<\/div>\n<\/section>\n<\/div>\n                <\/div>\n            <\/div>\n        <\/div>\n    <\/section>\n<\/div>\n\n<div id=\"txt03-block_5cea43192629bf8fbab6c271457cae38\" class=\"txt03 toc zierelement-none acf\/txt03\"  data-toctitle=\"II. Name und Anschrift des Datenschutzbeauftragten des Verantwortlichen\">\n    <section>\n        <div class=\"container position-relative\">\n\n            <div class=\"row scrollreveal\">\n                <div class=\"col-12 col-lg-8 offset-lg-1\">\n                                        <h4><strong>II. Name und Anschrift des Datenschutzbeauftragten des Verantwortlichen<\/strong><\/h4>\n<p>Herr Thomas Regier<br \/>\nDataCo GmbH<br \/>\nDachauer Stra\u00dfe 65<br \/>\n80335 M\u00fcnchen, Deutschland<br \/>\ndatenschutz@dataguard.de<br \/>\n+49 89 7400 45840<\/p>\n                <\/div>\n            <\/div>\n        <\/div>\n    <\/section>\n<\/div>\n\n<div id=\"txt03-block_d839aecf831fa24ac2db1d29abe201cc\" class=\"txt03 toc zierelement- acf\/txt03\"  data-toctitle=\"III. Allgemeines zur Datenverarbeitung\">\n    <section>\n        <div class=\"container position-relative\">\n\n            <div class=\"row scrollreveal\">\n                <div class=\"col-12 col-lg-8 offset-lg-1\">\n                                        <h4><strong>III. Allgemeines zur Datenverarbeitung<\/strong><\/h4>\n<p>&nbsp;<\/p>\n<h4>1. Umfang der Verarbeitung personenbezogener Daten<\/h4>\n<p>Wir verarbeiten personenbezogene Daten grunds\u00e4tzlich nur, soweit dies zur Bereitstellung einer funktionsf\u00e4higen Webseite sowie unserer Inhalte und Leistungen erforderlich ist.<\/p>\n<p>&nbsp;<\/p>\n<h4>2. Rechtsgrundlage f\u00fcr die Verarbeitung personenbezogener Daten<\/h4>\n<p>Soweit wir f\u00fcr Verarbeitungsvorg\u00e4nge personenbezogener Daten eine Einwilligung der betroffenen Person einholen, dient Art. 6 Abs. 1 S. 1 lit. a EU-Datenschutzgrundverordnung (DSGVO) als Rechtsgrundlage.Bei der Verarbeitung von personenbezogenen Daten, die zur Erf\u00fcllung eines Vertrages, dessen Vertragspartei die betroffene Person ist, erforderlich ist, dient Art. 6 Abs. 1 S. 1 lit. b DSGVO als Rechtsgrundlage. Dies gilt auch f\u00fcr Verarbeitungsvorg\u00e4nge, die zur Durchf\u00fchrung vorvertraglicher Ma\u00dfnahmen erforderlich sind.<br \/>\nSoweit eine Verarbeitung personenbezogener Daten zur Erf\u00fcllung einer rechtlichen Verpflichtung erforderlich ist, der unser Unternehmen unterliegt, dient Art. 6 Abs. 1 S. 1 lit. c DSGVO als Rechtsgrundlage.F\u00fcr den Fall, dass lebenswichtige Interessen der betroffenen Person oder einer anderen nat\u00fcrlichen Person eine Verarbeitung personenbezogener Daten erforderlich machen, dient Art. 6 Abs. 1 S. 1 lit. d DSGVO als Rechtsgrundlage.Ist die Verarbeitung zur Wahrung eines berechtigten Interesses unseres Unternehmens oder eines Dritten erforderlich und \u00fcberwiegen die Interessen, Grundrechte und Grundfreiheiten des Betroffenen das erstgenannte Interesse nicht, so dient Art. 6 Abs. 1 S. 1 lit. f DSGVO als Rechtsgrundlage f\u00fcr die Verarbeitung.<\/p>\n<p>&nbsp;<\/p>\n<h4>3. Datenl\u00f6schung und Speicherdauer<\/h4>\n<p>Die personenbezogenen Daten der betroffenen Person werden gel\u00f6scht oder gesperrt, sobald der Zweck der Speicherung entf\u00e4llt. Eine Speicherung kann dar\u00fcber hinaus erfolgen, wenn dies durch den europ\u00e4ischen oder nationalen Gesetzgeber in unionsrechtlichen Verordnungen, Gesetzen oder sonstigen Vorschriften, denen der Verantwortliche unterliegt, vorgesehen wurde. Eine Sperrung oder L\u00f6schung der Daten erfolgt auch dann, wenn eine durch die genannten Normen vorgeschriebene Speicherfrist abl\u00e4uft, es sei denn, dass eine Erforderlichkeit zur weiteren Speicherung der Daten f\u00fcr einen Vertragsabschluss oder eine Vertragserf\u00fcllung besteht.<\/p>\n                <\/div>\n            <\/div>\n        <\/div>\n    <\/section>\n<\/div>\n\n<div id=\"txt03-block_5af5560d8f395d760eb8f35cf778649a\" class=\"txt03 toc zierelement-none acf\/txt03\"  data-toctitle=\"IV. Rechte der betroffenen Person\">\n    <section>\n        <div class=\"container position-relative\">\n\n            <div class=\"row scrollreveal\">\n                <div class=\"col-12 col-lg-8 offset-lg-1\">\n                                        <h4><strong>IV. <\/strong><b>Rechte der betroffenen Person<\/b><\/h4>\n<p><span style=\"font-weight: 400;\">Werden personenbezogene Daten von Ihnen verarbeitet, sind Sie Betroffener i.S.d. DSGVO und es stehen Ihnen folgende Rechte gegen\u00fcber dem Verantwortlichen zu:<\/span><\/p>\n<h4>1. Auskunftsrecht<\/h4>\n<p><span style=\"font-weight: 400;\">Sie k\u00f6nnen von dem Verantwortlichen eine Best\u00e4tigung dar\u00fcber verlangen, ob personenbezogene Daten, die Sie betreffen, von ihm verarbeitet werden.<\/span><\/p>\n<p><span style=\"font-weight: 400;\">Liegt eine solche Verarbeitung vor, k\u00f6nnen Sie von dem Verantwortlichen \u00fcber folgende Informationen Auskunft verlangen:<\/span><\/p>\n<ol style=\"list-style-type: lower-alpha;\">\n<li><span style=\"font-weight: 400;\">die Zwecke, zu denen die personenbezogenen Daten verarbeitet werden;<\/span><\/li>\n<li><span style=\"font-weight: 400;\">die Kategorien von personenbezogenen Daten, welche verarbeitet werden;<\/span><\/li>\n<li><span style=\"font-weight: 400;\">die Empf\u00e4nger bzw. die Kategorien von Empf\u00e4ngern, gegen\u00fcber denen die Sie betreffenden personenbezogenen Daten offengelegt wurden oder noch offengelegt werden;<\/span><\/li>\n<li><span style=\"font-weight: 400;\">die geplante Dauer der Speicherung der Sie betreffenden personenbezogenen Daten oder, falls konkrete Angaben hierzu nicht m\u00f6glich sind, Kriterien f\u00fcr die Festlegung der Speicherdauer;<\/span><\/li>\n<li><span style=\"font-weight: 400;\">das Bestehen eines Rechts auf Berichtigung oder L\u00f6schung der Sie betreffenden personenbezogenen Daten, eines Rechts auf Einschr\u00e4nkung der Verarbeitung durch den Verantwortlichen oder eines Widerspruchsrechts gegen diese Verarbeitung;<\/span><\/li>\n<li><span style=\"font-weight: 400;\">das Bestehen eines Beschwerderechts bei einer Aufsichtsbeh\u00f6rde;<\/span><\/li>\n<li><span style=\"font-weight: 400;\">alle verf\u00fcgbaren Informationen \u00fcber die Herkunft der Daten, wenn die personenbezogenen Daten nicht bei der betroffenen Person erhoben werden;<\/span><\/li>\n<li><span style=\"font-weight: 400;\">das Bestehen einer automatisierten Entscheidungsfindung einschlie\u00dflich Profiling gem\u00e4\u00df Art. 22 Abs. 1 und 4 DSGVO und zumindest in diesen F\u00e4llen &#8211; aussagekr\u00e4ftige Informationen \u00fcber die involvierte Logik sowie die Tragweite und die angestrebten Auswirkungen einer derartigen Verarbeitung f\u00fcr die betroffene Person.<\/span><\/li>\n<\/ol>\n<p><span style=\"font-weight: 400;\">Ihnen steht das Recht zu, Auskunft dar\u00fcber zu verlangen, ob die Sie betreffenden personenbezogenen Daten in ein Drittland oder an eine internationale Organisation \u00fcbermittelt werden. In diesem Zusammenhang k\u00f6nnen Sie verlangen, \u00fcber die geeigneten Garantien gem. Art. 46 DSGVO im Zusammenhang mit der \u00dcbermittlung unterrichtet zu werden.<\/span><\/p>\n<p><span style=\"font-weight: 400;\">Dieses Auskunftsrecht kann insoweit beschr\u00e4nkt werden, als es voraussichtlich die Verwirklichung der Forschungs- oder Statistikzwecke unm\u00f6glich macht oder ernsthaft beeintr\u00e4chtigt und die Beschr\u00e4nkung f\u00fcr die Erf\u00fcllung der Forschungs- oder Statistikzwecke notwendig ist.<\/span><\/p>\n<h4><span style=\"font-weight: 400;\">2. Recht auf Berichtigung<\/span><\/h4>\n<p><span style=\"font-weight: 400;\">Sie haben ein Recht auf Berichtigung und\/oder Vervollst\u00e4ndigung gegen\u00fcber dem Verantwortlichen, sofern die verarbeiteten personenbezogenen Daten, die Sie betreffen, unrichtig oder unvollst\u00e4ndig sind. Der Verantwortliche hat die Berichtigung unverz\u00fcglich vorzunehmen.<\/span><\/p>\n<p><span style=\"font-weight: 400;\">Ihr Recht auf Berichtigung kann insoweit beschr\u00e4nkt werden, als es voraussichtlich die Verwirklichung der Forschungs- oder Statistikzwecke unm\u00f6glich macht oder ernsthaft beeintr\u00e4chtigt und die Beschr\u00e4nkung f\u00fcr die Erf\u00fcllung der Forschungs- oder Statistikzwecke notwendig ist.<\/span><\/p>\n<h4><span style=\"font-weight: 400;\">3. Recht auf Einschr\u00e4nkung der Verarbeitung<\/span><\/h4>\n<p><span style=\"font-weight: 400;\">Unter den folgenden Voraussetzungen k\u00f6nnen Sie die Einschr\u00e4nkung der Verarbeitung der Sie betreffenden personenbezogenen Daten verlangen:<\/span><\/p>\n<ul>\n<li><span style=\"font-weight: 400;\">wenn Sie die Richtigkeit der Sie betreffenden personenbezogenen Daten f\u00fcr eine Dauer bestreiten, die es dem Verantwortlichen erm\u00f6glicht, die Richtigkeit der personenbezogenen Daten zu \u00fcberpr\u00fcfen;<\/span><\/li>\n<li><span style=\"font-weight: 400;\">die Verarbeitung unrechtm\u00e4\u00dfig ist und Sie die L\u00f6schung der personenbezogenen Daten ablehnen und stattdessen die Einschr\u00e4nkung der Nutzung der personenbezogenen Daten verlangen;<\/span><\/li>\n<li><span style=\"font-weight: 400;\">der Verantwortliche die personenbezogenen Daten f\u00fcr die Zwecke der Verarbeitung nicht l\u00e4nger ben\u00f6tigt, Sie diese jedoch zur Geltendmachung, Aus\u00fcbung oder Verteidigung von Rechtsanspr\u00fcchen ben\u00f6tigen, oder<\/span><\/li>\n<li><span style=\"font-weight: 400;\">wenn Sie Widerspruch gegen die Verarbeitung gem\u00e4\u00df Art. 21 Abs. 1 DSGVO eingelegt haben und noch nicht feststeht, ob die berechtigten Gr\u00fcnde des Verantwortlichen gegen\u00fcber Ihren Gr\u00fcnden \u00fcberwiegen.<\/span><\/li>\n<\/ul>\n<p><span style=\"font-weight: 400;\">Wurde die Verarbeitung der Sie betreffenden personenbezogenen Daten eingeschr\u00e4nkt, d\u00fcrfen diese Daten &#8211; von ihrer Speicherung abgesehen &#8211; nur mit Ihrer Einwilligung oder zur Geltendmachung, Aus\u00fcbung oder Verteidigung von Rechtsanspr\u00fcchen oder zum Schutz der Rechte einer anderen nat\u00fcrlichen oder juristischen Person oder aus Gr\u00fcnden eines wichtigen \u00f6ffentlichen Interesses der Union oder eines Mitgliedstaats verarbeitet werden.<\/span><\/p>\n<p><span style=\"font-weight: 400;\">Wurde die Einschr\u00e4nkung der Verarbeitung nach den o.g. Voraussetzungen eingeschr\u00e4nkt, werden Sie von dem Verantwortlichen unterrichtet, bevor die Einschr\u00e4nkung aufgehoben wird.<\/span><\/p>\n<p><span style=\"font-weight: 400;\">Ihr Recht auf Einschr\u00e4nkung der Verarbeitung kann insoweit beschr\u00e4nkt werden, als es voraussichtlich die Verwirklichung der Forschungs- oder Statistikzwecke unm\u00f6glich macht oder ernsthaft beeintr\u00e4chtigt und die Beschr\u00e4nkung f\u00fcr die Erf\u00fcllung der Forschungs- oder Statistikzwecke notwendig ist.<\/span><\/p>\n<h4><span style=\"font-weight: 400;\">4. Recht auf L\u00f6schung<\/span><\/h4>\n<p><strong>a) L\u00f6schungspflicht<\/strong><\/p>\n<p><span style=\"font-weight: 400;\">Sie k\u00f6nnen von dem Verantwortlichen verlangen, dass die Sie betreffenden personenbezogenen Daten unverz\u00fcglich gel\u00f6scht werden, und der Verantwortliche ist verpflichtet, diese Daten unverz\u00fcglich zu l\u00f6schen, sofern einer der folgenden Gr\u00fcnde zutrifft:<\/span><\/p>\n<ol style=\"list-style-type: upper-roman;\">\n<li><span style=\"font-weight: 400;\">Die Sie betreffenden personenbezogenen Daten sind f\u00fcr die Zwecke, f\u00fcr die sie erhoben oder auf sonstige Weise verarbeitet wurden, nicht mehr notwendig.<\/span><\/li>\n<li><span style=\"font-weight: 400;\">Sie widerrufen Ihre Einwilligung, auf die sich die Verarbeitung gem. Art. 6 Abs. 1 S. 1 lit. a oder Art. 9 Abs. 2 lit. a DSGVO st\u00fctzte, und es fehlt an einer anderweitigen Rechtsgrundlage f\u00fcr die Verarbeitung.<\/span><\/li>\n<li>Sie legen gem. Art. 21 Abs. 1 DSGVO Widerspruch gegen die Verarbeitung ein und es liegen keine vorrangigen berechtigten Gr\u00fcnde f\u00fcr die Verarbeitung vor, oder Sie legen gem. Art. 21 Abs. 2 DSGVO Widerspruch gegen die Verarbeitung ein.<\/li>\n<li><span style=\"font-weight: 400;\">Die Sie betreffenden personenbezogenen Daten wurden unrechtm\u00e4\u00dfig verarbeitet.<\/span><\/li>\n<li><span style=\"font-weight: 400;\">Die L\u00f6schung der Sie betreffenden personenbezogenen Daten ist zur Erf\u00fcllung einer rechtlichen Verpflichtung nach dem Unionsrecht oder dem Recht der Mitgliedstaaten erforderlich, dem der Verantwortliche unterliegt.<\/span><\/li>\n<li><span style=\"font-weight: 400;\">Die Sie betreffenden personenbezogenen Daten wurden in Bezug auf angebotene Dienste der Informationsgesellschaft gem\u00e4\u00df Art. 8 Abs. 1 DSGVO erhoben.<\/span><\/li>\n<\/ol>\n<p><strong>b) Informationen an Dritte<\/strong><\/p>\n<p><span style=\"font-weight: 400;\">Hat der Verantwortliche die Sie betreffenden personenbezogenen Daten \u00f6ffentlich gemacht und ist er gem. Art. 17 Abs. 1 DSGVO zu deren L\u00f6schung verpflichtet, so trifft er unter Ber\u00fccksichtigung der verf\u00fcgbaren Technologie und der Implementierungskosten angemessene Ma\u00dfnahmen, auch technischer Art, um f\u00fcr die Datenverarbeitung Verantwortliche, die die personenbezogenen Daten verarbeiten, dar\u00fcber zu informieren, dass Sie als betroffene Person von ihnen die L\u00f6schung aller Links zu diesen personenbezogenen Daten oder von Kopien oder Replikationen dieser personenbezogenen Daten verlangt haben.<\/span><\/p>\n<p><strong>c) Ausnahmen<\/strong><\/p>\n<p><span style=\"font-weight: 400;\">Das Recht auf L\u00f6schung besteht nicht, soweit die Verarbeitung erforderlich ist<\/span><\/p>\n<ol style=\"list-style-type: upper-roman;\">\n<li><span style=\"font-weight: 400;\">zur Aus\u00fcbung des Rechts auf freie Meinungs\u00e4u\u00dferung und Information;<\/span><\/li>\n<li><span style=\"font-weight: 400;\">zur Erf\u00fcllung einer rechtlichen Verpflichtung, die die Verarbeitung nach dem Recht der Union oder der Mitgliedstaaten, dem der Verantwortliche unterliegt, erfordert, oder zur Wahrnehmung einer Aufgabe, die im \u00f6ffentlichen Interesse liegt oder in Aus\u00fcbung \u00f6ffentlicher Gewalt erfolgt, die dem Verantwortlichen \u00fcbertragen wurde;<\/span><\/li>\n<li>aus Gr\u00fcnden des \u00f6ffentlichen Interesses im Bereich der \u00f6ffentlichen Gesundheit gem\u00e4\u00df Art. 9 Abs. 2 lit. h und i sowie Art. 9 Abs. 3 DSGVO;<\/li>\n<li><span style=\"font-weight: 400;\">f\u00fcr im \u00f6ffentlichen Interesse liegende Archivzwecke, wissenschaftliche oder historische Forschungszwecke oder f\u00fcr statistische Zwecke gem. Art. 89 Abs. 1 DSGVO, soweit das unter Abschnitt a) genannte Recht voraussichtlich die Verwirklichung der Ziele dieser Verarbeitung unm\u00f6glich macht oder ernsthaft beeintr\u00e4chtigt, oder<\/span><\/li>\n<li><span style=\"font-weight: 400;\">zur Geltendmachung, Aus\u00fcbung oder Verteidigung von Rechtsanspr\u00fcchen.<\/span><\/li>\n<\/ol>\n<h4><span style=\"font-weight: 400;\">5. Recht auf Unterrichtung<\/span><\/h4>\n<p><span style=\"font-weight: 400;\">Haben Sie das Recht auf Berichtigung, L\u00f6schung oder Einschr\u00e4nkung der Verarbeitung gegen\u00fcber dem Verantwortlichen geltend gemacht, ist dieser verpflichtet, allen Empf\u00e4ngern, denen die Sie betreffenden personenbezogenen Daten offengelegt wurden, diese Berichtigung oder L\u00f6schung der Daten oder Einschr\u00e4nkung der Verarbeitung mitzuteilen, es sei denn, dies erweist sich als unm\u00f6glich oder ist mit einem unverh\u00e4ltnism\u00e4\u00dfigen Aufwand verbunden.<\/span><\/p>\n<p><span style=\"font-weight: 400;\">Ihnen steht gegen\u00fcber dem Verantwortlichen das Recht zu, \u00fcber diese Empf\u00e4nger unterrichtet zu werden.<\/span><\/p>\n<h4><span style=\"font-weight: 400;\">6. Recht auf Daten\u00fcbertragbarkeit<\/span><\/h4>\n<p><span style=\"font-weight: 400;\">Sie haben das Recht, die Sie betreffenden personenbezogenen Daten, die Sie dem Verantwortlichen bereitgestellt haben, in einem strukturierten, g\u00e4ngigen und maschinenlesbaren Format zu erhalten. Au\u00dferdem haben Sie das Recht diese Daten einem anderen Verantwortlichen ohne Behinderung durch den Verantwortlichen, dem die personenbezogenen Daten bereitgestellt wurden, zu \u00fcbermitteln, sofern<\/span><\/p>\n<ol style=\"list-style-type: upper-roman;\">\n<li><span style=\"font-weight: 400;\">die Verarbeitung auf einer Einwilligung gem. Art. 6 Abs. 1 S. 1 lit. a DSGVO oder Art. 9 Abs. 2 lit. a DSGVO oder auf einem Vertrag gem. Art. 6 Abs. 1 S. 1 lit. b DSGVO beruht und<\/span><\/li>\n<li><span style=\"font-weight: 400;\">die Verarbeitung mithilfe automatisierter Verfahren erfolgt.<\/span><\/li>\n<\/ol>\n<p><span style=\"font-weight: 400;\">In Aus\u00fcbung dieses Rechts haben Sie ferner das Recht, zu erwirken, dass die Sie betreffenden personenbezogenen Daten direkt von einem Verantwortlichen einem anderen Verantwortlichen \u00fcbermittelt werden, soweit dies technisch machbar ist. Freiheiten und Rechte anderer Personen d\u00fcrfen hierdurch nicht beeintr\u00e4chtigt werden.<\/span><\/p>\n<p><span style=\"font-weight: 400;\">Das Recht auf Daten\u00fcbertragbarkeit gilt nicht f\u00fcr eine Verarbeitung personenbezogener Daten, die f\u00fcr die Wahrnehmung einer Aufgabe erforderlich ist, die im \u00f6ffentlichen Interesse liegt oder in Aus\u00fcbung \u00f6ffentlicher Gewalt erfolgt, die dem Verantwortlichen \u00fcbertragen wurde.<\/span><\/p>\n<h4><span style=\"font-weight: 400;\">7. Widerspruchsrecht<\/span><\/h4>\n<p><span style=\"font-weight: 400;\">Sie haben das Recht, aus Gr\u00fcnden, die sich aus ihrer besonderen Situation ergeben, jederzeit gegen die Verarbeitung der Sie betreffenden personenbezogenen Daten, die aufgrund von Art. 6 Abs. 1 S. 1 lit. e oder f DSGVO erfolgt, Widerspruch einzulegen; dies gilt auch f\u00fcr ein auf diese Bestimmungen gest\u00fctztes Profiling.<\/span><\/p>\n<p><span style=\"font-weight: 400;\">Der Verantwortliche verarbeitet die Sie betreffenden personenbezogenen Daten nicht mehr, es sei denn, er kann zwingende schutzw\u00fcrdige Gr\u00fcnde f\u00fcr die Verarbeitung nachweisen, die Ihre Interessen, Rechte und Freiheiten \u00fcberwiegen, oder die Verarbeitung dient der Geltendmachung, Aus\u00fcbung oder Verteidigung von Rechtsanspr\u00fcchen.<\/span><\/p>\n<p><span style=\"font-weight: 400;\">Werden die Sie betreffenden personenbezogenen Daten verarbeitet, um Direktwerbung zu betreiben, haben Sie das Recht, jederzeit Widerspruch gegen die Verarbeitung der Sie betreffenden personenbezogenen Daten zum Zwecke derartiger Werbung einzulegen; dies gilt auch f\u00fcr das Profiling, soweit es mit solcher Direktwerbung in Verbindung steht.<\/span><\/p>\n<p><span style=\"font-weight: 400;\">Widersprechen Sie der Verarbeitung f\u00fcr Zwecke der Direktwerbung, so werden die Sie betreffenden personenbezogenen Daten nicht mehr f\u00fcr diese Zwecke verarbeitet.<\/span><\/p>\n<p><span style=\"font-weight: 400;\">Sie haben die M\u00f6glichkeit, im Zusammenhang mit der Nutzung von Diensten der Informationsgesellschaft &#8211; ungeachtet der Richtlinie 2002\/58\/EG &#8211; Ihr Widerspruchsrecht mittels automatisierter Verfahren auszu\u00fcben, bei denen technische Spezifikationen verwendet werden.<\/span><\/p>\n<p><span style=\"font-weight: 400;\">Sie haben auch das Recht, aus Gr\u00fcnden, die sich aus Ihrer besonderen Situation ergeben, bei der Verarbeitung Sie betreffender personenbezogener Daten, die zu wissenschaftlichen oder historischen Forschungszwecken oder zu statistischen Zwecken gem. Art. 89 Abs. 1 DSGVO erfolgt, dieser zu widersprechen.<\/span><\/p>\n<p><span style=\"font-weight: 400;\">Ihr Widerspruchsrecht kann insoweit beschr\u00e4nkt werden, als es voraussichtlich die Verwirklichung der Forschungs- oder Statistikzwecke unm\u00f6glich macht oder ernsthaft beeintr\u00e4chtigt und die Beschr\u00e4nkung f\u00fcr die Erf\u00fcllung der Forschungs- oder Statistikzwecke notwendig ist.<\/span><\/p>\n<p>Ihr Widerspruchsrecht hinsichtlich des Trackings durch Matomo k\u00f6nnen Sie durch Klicken auf <a href=\"https:\/\/piwik.rag.de\/index.php?module=CoreAdminHome&amp;action=optOut&amp;language=de\">diesen Link<\/a> aus\u00fcben. Ab diesem Zeitpunkt wird Ihr Besuch auf dieser Website nicht mehr durch Matomo erfasst.<\/p>\n<h4><span style=\"font-weight: 400;\">8. Recht auf Widerruf der datenschutzrechtlichen Einwilligungserkl\u00e4rung<\/span><\/h4>\n<p><span style=\"font-weight: 400;\">Sie haben das Recht, Ihre datenschutzrechtliche Einwilligungserkl\u00e4rung jederzeit zu widerrufen. Durch den Widerruf der Einwilligung wird die Rechtm\u00e4\u00dfigkeit, der aufgrund der Einwilligung bis zum Widerruf erfolgten Verarbeitung nicht ber\u00fchrt.<\/span><\/p>\n<h4><span style=\"font-weight: 400;\">9. Automatisierte Entscheidung im Einzelfall einschlie\u00dflich Profiling<\/span><\/h4>\n<p><span style=\"font-weight: 400;\">Sie haben das Recht, nicht einer ausschlie\u00dflich auf einer automatisierten Verarbeitung \u2013 einschlie\u00dflich Profiling \u2013 beruhenden Entscheidung unterworfen zu werden, die Ihnen gegen\u00fcber rechtliche Wirkung entfaltet oder Sie in \u00e4hnlicher Weise erheblich beeintr\u00e4chtigt. Dies gilt nicht, wenn die Entscheidung<\/span><\/p>\n<ol>\n<li><span style=\"font-weight: 400;\">f\u00fcr den Abschluss oder die Erf\u00fcllung eines Vertrags zwischen Ihnen und dem Verantwortlichen erforderlich ist,<\/span><\/li>\n<li><span style=\"font-weight: 400;\">aufgrund von Rechtsvorschriften der Union oder der Mitgliedstaaten, denen der Verantwortliche unterliegt, zul\u00e4ssig ist und diese Rechtsvorschriften angemessene Ma\u00dfnahmen zur Wahrung Ihrer Rechte und Freiheiten sowie Ihrer berechtigten Interessen enthalten oder<\/span><\/li>\n<li>mit Ihrer ausdr\u00fccklichen Einwilligung erfolgt.<\/li>\n<\/ol>\n<p><span style=\"font-weight: 400;\">Allerdings d\u00fcrfen diese Entscheidungen nicht auf besonderen Kategorien personenbezogener Daten nach Art. 9 Abs. 1 DSGVO beruhen, sofern nicht Art. 9 Abs. 2 lit. a oder b DSGVO gilt und angemessene Ma\u00dfnahmen zum Schutz der Rechte und Freiheiten sowie Ihrer berechtigten Interessen getroffen wurden.<\/span><\/p>\n<p><span style=\"font-weight: 400;\">Hinsichtlich der in 1. und 3. genannten F\u00e4lle trifft der Verantwortliche angemessene Ma\u00dfnahmen, um die Rechte und Freiheiten sowie Ihre berechtigten Interessen zu wahren, wozu mindestens das Recht auf Erwirkung des Eingreifens einer Person seitens des Verantwortlichen, auf Darlegung des eigenen Standpunkts und auf Anfechtung der Entscheidung geh\u00f6rt.<\/span><\/p>\n<h4><span style=\"font-weight: 400;\">10. Recht auf Beschwerde bei einer Aufsichtsbeh\u00f6rde<\/span><\/h4>\n<p><span style=\"font-weight: 400;\">Unbeschadet eines anderweitigen verwaltungsrechtlichen oder gerichtlichen Rechtsbehelfs steht Ihnen das Recht auf Beschwerde bei einer Aufsichtsbeh\u00f6rde, insbesondere in dem Mitgliedstaat Ihres Aufenthaltsorts, Ihres Arbeitsplatzes oder des Orts des mutma\u00dflichen Versto\u00dfes, zu, wenn Sie der Ansicht sind, dass die Verarbeitung der Sie betreffenden personenbezogenen Daten gegen die DSGVO verst\u00f6\u00dft.<\/span><\/p>\n<p><span style=\"font-weight: 400;\">Die Aufsichtsbeh\u00f6rde, bei der die Beschwerde eingereicht wurde, unterrichtet den Beschwerdef\u00fchrer \u00fcber den Stand und die Ergebnisse der Beschwerde einschlie\u00dflich der M\u00f6glichkeit eines gerichtlichen Rechtsbehelfs nach Art. 78 DSGVO.<\/span><\/p>\n                <\/div>\n            <\/div>\n        <\/div>\n    <\/section>\n<\/div>\n\n<div id=\"txt03-block_a72148b1411f71493b4560d8312b8c12\" class=\"txt03 toc zierelement- acf\/txt03\"  data-toctitle=\"V. Bereitstellung der Webseite und Erstellung der Logfiles\">\n    <section>\n        <div class=\"container position-relative\">\n\n            <div class=\"row scrollreveal\">\n                <div class=\"col-12 col-lg-8 offset-lg-1\">\n                                        <h4><strong>V. Bereitstellung der Webseite und Erstellung der Logfiles<\/strong><\/h4>\n<p>&nbsp;<\/p>\n<h4><span style=\"font-weight: 400;\">1. <\/span><span style=\"font-weight: 400;\">Beschreibung und Umfang der Datenverarbeitung<\/span><\/h4>\n<p><span style=\"font-weight: 400;\">Bei jedem Aufruf unserer Internetseite erfasst unser System automatisiert Daten und Informationen vom Computersystem des aufrufenden Rechners.<\/span><\/p>\n<p><span style=\"font-weight: 400;\">Folgende Daten werden hierbei erhoben:<\/span><\/p>\n<ul>\n<li><span style=\"font-weight: 400;\">Informationen \u00fcber den Browsertyp und die verwendete Version<\/span><\/li>\n<li><span style=\"font-weight: 400;\">Die IP-Adresse des Nutzers<\/span><\/li>\n<li><span style=\"font-weight: 400;\">Datum und Uhrzeit des Zugriffs<\/span><\/li>\n<li><span style=\"font-weight: 400;\">Webseiten, von denen das System des Nutzers auf unsere Internetseite gelangt<\/span><\/li>\n<li><span style=\"font-weight: 400;\">Webseiten, die vom System des Nutzers \u00fcber unsere Webseite aufgerufen werden<\/span><\/li>\n<\/ul>\n<p><span style=\"font-weight: 400;\">Diese Daten werden in den Logfiles unseres Systems gespeichert. Eine Speicherung dieser Daten zusammen mit anderen personenbezogenen Daten des Nutzers findet nicht statt.<\/span><\/p>\n<p>&nbsp;<\/p>\n<h4><span style=\"font-weight: 400;\">2. Zweck der Datenverarbeitung<\/span><\/h4>\n<p><span style=\"font-weight: 400;\">Die vor\u00fcbergehende Speicherung der IP-Adresse durch das System ist notwendig, um eine Auslieferung der Webseite an den Rechner des Nutzers zu erm\u00f6glichen. Hierf\u00fcr muss die IP-Adresse des Nutzers f\u00fcr die Dauer der Sitzung gespeichert bleiben.<\/span><\/p>\n<p><span style=\"font-weight: 400;\">Die Speicherung in Logfiles erfolgt, um die Funktionsf\u00e4higkeit der Webseite sicherzustellen. Zudem dienen uns die Daten zur Optimierung der Webseite und zur Sicherstellung der Sicherheit unserer informationstechnischen Systeme. Eine Auswertung der Daten zu Marketingzwecken findet in diesem Zusammenhang nicht statt.<\/span><\/p>\n<p><span style=\"font-weight: 400;\">In diesen Zwecken liegt auch unser berechtigtes Interesse an der Datenverarbeitung nach Art. 6 Abs. 1 S. 1 lit. f DSGVO.<\/span><\/p>\n<p>&nbsp;<\/p>\n<h4><span style=\"font-weight: 400;\">3. Rechtsgrundlage f\u00fcr die Datenverarbeitung<\/span><\/h4>\n<p><span style=\"font-weight: 400;\">Rechtsgrundlage f\u00fcr die vor\u00fcbergehende Speicherung der Daten und der Logfiles ist Art. 6 Abs. 1 S. 1 lit. f DSGVO.<\/span><\/p>\n<p>&nbsp;<\/p>\n<h4><span style=\"font-weight: 400;\">4. Dauer der Speicherung<\/span><\/h4>\n<p><span style=\"font-weight: 400;\">Die Daten werden gel\u00f6scht, sobald sie f\u00fcr die Erreichung des Zweckes ihrer Erhebung nicht mehr erforderlich sind. Im Falle der Erfassung der Daten zur Bereitstellung der Webseite ist dies der Fall, wenn die jeweilige Sitzung beendet ist.<\/span><\/p>\n<p><span style=\"font-weight: 400;\">Im Falle der Speicherung der Daten in Logfiles ist dies nach sp\u00e4testens sieben Tagen der Fall. Eine dar\u00fcberhinausgehende Speicherung ist m\u00f6glich. In diesem Fall werden die IP-Adressen der Nutzer gel\u00f6scht oder verfremdet, sodass eine Zuordnung des aufrufenden Clients nicht mehr m\u00f6glich ist.<\/span><\/p>\n<p>&nbsp;<\/p>\n<h4><span style=\"font-weight: 400;\">5. Widerspruchs- und Beseitigungsm\u00f6glichkeit<\/span><\/h4>\n<p><span style=\"font-weight: 400;\">Die Erfassung der Daten zur Bereitstellung der Webseite und die Speicherung der Daten in Logfiles ist f\u00fcr den Betrieb der Internetseite zwingend erforderlich. Es besteht folglich seitens des Nutzers keine Widerspruchsm\u00f6glichkeit.<\/span><\/p>\n                <\/div>\n            <\/div>\n        <\/div>\n    <\/section>\n<\/div>\n\n<div id=\"txt03-block_b6025286ccb1bc65204acfc7c9649fc9\" class=\"txt03 toc zierelement-none acf\/txt03\"  data-toctitle=\"VI. Verwendung von Cookies\">\n    <section>\n        <div class=\"container position-relative\">\n\n            <div class=\"row scrollreveal\">\n                <div class=\"col-12 col-lg-8 offset-lg-1\">\n                                        <h4><strong>VI. Verwendung von Cookies<\/strong><\/h4>\n<p>&nbsp;<\/p>\n<h4><span style=\"font-weight: 400;\">1. <\/span><span style=\"font-weight: 400;\">Beschreibung und Umfang der Datenverarbeitung<\/span><\/h4>\n<p>Bei Cookies handelt es sich um Textdateien oder Informationen in einer Datenbank, die auf Ihrer Festplatte gespeichert und dem von Ihnen verwendeten Browser zugeordnet werden, sodass der Stelle, die das Cookie setzt, bestimmte Informationen zuflie\u00dfen k\u00f6nnen.<\/p>\n<p>Wir setzen technisch notwendige Cookies ein, die f\u00fcr den technischen Aufbau der Webseite und die Inanspruchnahme von Webseiten-Funktionen erforderlich sind.<\/p>\n<p><strong>Cookie zum Speichern der Spracheinstellungen<\/strong><\/p>\n<table>\n<tbody>\n<tr>\n<td width=\"160\">Name<\/td>\n<td width=\"444\">wp-wpml_current_language<\/td>\n<\/tr>\n<tr>\n<td width=\"160\">Dienst<\/td>\n<td width=\"444\">WPML<\/td>\n<\/tr>\n<tr>\n<td width=\"160\">Zweck<\/td>\n<td width=\"444\">Speichert innerhalb einer Sitzung, welche Sprache aktiv ist.<\/td>\n<\/tr>\n<tr>\n<td width=\"160\">Art des Cookies und Speicherdauer<\/td>\n<td width=\"444\">Erstanbieter-Sitzungscookie \u2013 ist 1 Jahr g\u00fcltig<\/td>\n<\/tr>\n<tr>\n<td width=\"160\">Rechtsgrundlage<\/td>\n<td width=\"444\">\u00a7 25 Abs. 2 Nr. 2 TDDDG<\/td>\n<\/tr>\n<\/tbody>\n<\/table>\n<p>&nbsp;<\/p>\n<p><strong>Matomo-Deaktivierungscookie<\/strong><\/p>\n<table>\n<tbody>\n<tr>\n<td width=\"160\">Name<\/td>\n<td width=\"444\">matomo_ignore<\/td>\n<\/tr>\n<tr>\n<td width=\"160\">Dienst<\/td>\n<td width=\"444\">Matomo<\/td>\n<\/tr>\n<tr>\n<td width=\"160\">Zweck<\/td>\n<td width=\"444\">Soweit Sie von der M\u00f6glichkeit, den unter Ziff. XII beschriebenen Matomo-Webanalysedienst aus- oder einzuschalten, Gebrauch gemacht haben, wird ein Matomo-Deaktivierungscookie gespeichert bzw. gel\u00f6scht. Soweit das Cookie gespeichert wird, signalisiert es unserem System, dass der Matomo-Webanalysedienst deaktiviert wird. Dieses Cookie muss in jedem Browser erneut gesetzt werden.<\/td>\n<\/tr>\n<tr>\n<td width=\"160\">Art des Cookies und Speicherdauer<\/td>\n<td width=\"444\">Drittanbieter-Cookie: g\u00fcltig 30 Jahre. Wenn Sie Cookies von Ihrem Browser l\u00f6schen, so wird auch dieses Matomo-Deaktivierungscookie gel\u00f6scht und muss ggf. erneut gesetzt werden.<\/td>\n<\/tr>\n<tr>\n<td width=\"160\">Rechtgrundlage<\/td>\n<td width=\"444\">\u00a7 25 Abs. 2 Nr. 2 TDDDG i. V. m. Art. 6 Abs. 1 lit. f) DSGVO<\/td>\n<\/tr>\n<\/tbody>\n<\/table>\n<p>&nbsp;<\/p>\n<p>Die auf diese Weise erhobenen Daten der Nutzer werden durch technische Vorkehrungen pseudonymisiert. Daher ist eine Zuordnung der Daten zum aufrufenden Nutzer nicht mehr m\u00f6glich. Die Daten werden nicht gemeinsam mit sonstigen personenbezogenen Daten der Nutzer gespeichert.<\/p>\n<p>&nbsp;<\/p>\n<h4><span style=\"font-weight: 400;\">2. <\/span><span style=\"font-weight: 400;\">Zweck der Datenverarbeitung<\/span><\/h4>\n<p>Der Zweck der Verwendung technisch notwendiger Cookies ist, die Funktionalit\u00e4t unserer Website\u00a0 zu gew\u00e4hrleisten.<\/p>\n<p>F\u00fcr folgende Anwendungen ben\u00f6tigen wir Cookies:<\/p>\n<ul>\n<li>\u00dcbernahme der Spracheinstellungen<\/li>\n<li>\u00dcbernahme der Einstellung zum Matomo Webanalysedienst<\/li>\n<\/ul>\n<p>Die durch technisch notwendige Cookies erhobenen Nutzerdaten werden nicht zur Erstellung von Nutzerprofilen verwendet.<\/p>\n<h4><\/h4>\n<p>&nbsp;<\/p>\n<h4><span style=\"font-weight: 400;\">3. Rechtsgrundlage f\u00fcr die Datenverarbeitung<\/span><\/h4>\n<p>Die Rechtsgrundlage f\u00fcr die Verarbeitung personenbezogener Daten unter Verwendung technisch notwendiger Cookies ist Art. 6 Abs. 1 S. 1 lit. f DSGVO.<\/p>\n<p>&nbsp;<\/p>\n<h4><span style=\"font-weight: 400;\">4. Widerspruchs- und Beseitigungsm\u00f6glichkeit<\/span><\/h4>\n<p>Wenn Sie die Einstellung \u201eDo Not Track\u201c in Ihrem Browser aktiviert haben, werden Ihre Browsing-Aktivit\u00e4ten auf unserer Website vom Matomo nicht analysieret. Falls Sie einen Safari-Browser ab Version 12.1 verwenden, werden Cookies nach sieben Tagen automatisch gel\u00f6scht. Dies betrifft auch Opt-Out-Cookies, die zur Verhinderung von Trackingma\u00dfnahmen gesetzt werden.<\/p>\n<p>Unabh\u00e4ngig davon k\u00f6nnen Sie jederzeit dem Tracking durch Matomo durch das Klicken auf <a href=\"https:\/\/piwik.rag.de\/index.php?module=CoreAdminHome&amp;action=optOut&amp;language=de\">diesen Link<\/a> widersprechen. Ab diesem Zeitpunkt wird Ihr Besuch auf dieser Website nicht mehr durch Matomo erfasst.<\/p>\n                <\/div>\n            <\/div>\n        <\/div>\n    <\/section>\n<\/div>\n\n<div id=\"txt03-block_3098d5f872d4fdf3fcab184ced37d309\" class=\"txt03 toc zierelement- acf\/txt03\"  data-toctitle=\"VII. Newsletter\">\n    <section>\n        <div class=\"container position-relative\">\n\n            <div class=\"row scrollreveal\">\n                <div class=\"col-12 col-lg-8 offset-lg-1\">\n                                        <h4><strong>VII. Newsletter<\/strong><\/h4>\n<p>&nbsp;<\/p>\n<h4><span style=\"font-weight: 400;\">1. <\/span><span style=\"font-weight: 400;\">Beschreibung und Umfang der Datenverarbeitung<\/span><\/h4>\n<p><span style=\"font-weight: 400;\">Auf unserer Internetseite besteht die M\u00f6glichkeit einen kostenfreien Newsletter zu abonnieren. Dabei werden bei der Anmeldung zum Newsletter die Daten aus der Eingabemaske an uns \u00fcbermittelt.<\/span><\/p>\n<ul>\n<li><span style=\"font-weight: 400;\">E-Mail-Adresse<\/span><\/li>\n<li><span style=\"font-weight: 400;\">Name<\/span><\/li>\n<li><span style=\"font-weight: 400;\">Vorname<\/span><\/li>\n<li><span style=\"font-weight: 400;\">Pseudonym<\/span><\/li>\n<li><span style=\"font-weight: 400;\">Telefon- \/ Mobilfunknummer<\/span><\/li>\n<li><span style=\"font-weight: 400;\">Adresse<\/span><\/li>\n<li><span style=\"font-weight: 400;\">IP-Adresse des aufrufenden Rechners<\/span><\/li>\n<li><span style=\"font-weight: 400;\">Datum und Uhrzeit der Registrierung<\/span><\/li>\n<\/ul>\n<p><span style=\"font-weight: 400;\">Es erfolgt im Zusammenhang mit der Datenverarbeitung f\u00fcr den Versand von Newslettern keine Weitergabe der Daten an Dritte. Die Daten werden ausschlie\u00dflich f\u00fcr den Versand des Newsletters verwendet.<\/span><\/p>\n<p>&nbsp;<\/p>\n<h4><span style=\"font-weight: 400;\">2. Zweck der Datenverarbeitung<\/span><\/h4>\n<p><span style=\"font-weight: 400;\">Die Erhebung der E-Mail-Adresse des Nutzers dient dazu, den Newsletter zuzustellen.<\/span><\/p>\n<p><span style=\"font-weight: 400;\">Die Erhebung sonstiger personenbezogener Daten im Rahmen des Anmeldevorgangs dient dazu, einen Missbrauch der Dienste oder der verwendeten E-Mail-Adresse zu verhindern.<\/span><\/p>\n<p>&nbsp;<\/p>\n<h4><span style=\"font-weight: 400;\">3. Rechtsgrundlage f\u00fcr die Datenverarbeitung<\/span><\/h4>\n<p><span style=\"font-weight: 400;\">Rechtsgrundlage f\u00fcr die Verarbeitung der Daten nach Anmeldung zum Newsletter durch den Nutzer ist bei Vorliegen einer Einwilligung des Nutzers Art. 6 Abs. 1 S. 1 lit. a DSGVO.<\/span><\/p>\n<p>&nbsp;<\/p>\n<h4><span style=\"font-weight: 400;\">4. Dauer der Speicherung<\/span><\/h4>\n<p><span style=\"font-weight: 400;\">Die Daten werden gel\u00f6scht, sobald sie f\u00fcr die Erreichung des Zweckes ihrer Erhebung nicht mehr erforderlich sind. Die E-Mail-Adresse des Nutzers wird demnach solange gespeichert, wie das Abonnement des Newsletters aktiv ist.<\/span><\/p>\n<p><span style=\"font-weight: 400;\">Die sonstigen im Rahmen des Anmeldevorgangs erhobenen personenbezogenen Daten werden in der Regel nach einer Frist von sieben Tagen gel\u00f6scht.<\/span><\/p>\n<p>&nbsp;<\/p>\n<h4><span style=\"font-weight: 400;\">5. Widerspruchs- und Beseitigungsm\u00f6glichkeit<\/span><\/h4>\n<p><span style=\"font-weight: 400;\">Das Abonnement des Newsletters kann durch den betroffenen Nutzer jederzeit gek\u00fcndigt werden. Zu diesem Zweck findet sich in jedem Newsletter ein entsprechender Link.<\/span><\/p>\n<p><span style=\"font-weight: 400;\">Hierdurch wird ebenfalls ein Widerruf der Einwilligung der Speicherung der w\u00e4hrend des Anmeldevorgangs erhobenen personenbezogenen Daten erm\u00f6glicht.<\/span><\/p>\n                <\/div>\n            <\/div>\n        <\/div>\n    <\/section>\n<\/div>\n\n<div id=\"txt03-block_7c09beac8cb37dbcc555d68d35b69e97\" class=\"txt03 toc zierelement- acf\/txt03\"  data-toctitle=\"VIIII. E-Mail-Kontakt\">\n    <section>\n        <div class=\"container position-relative\">\n\n            <div class=\"row scrollreveal\">\n                <div class=\"col-12 col-lg-8 offset-lg-1\">\n                                        <h4><strong>VIII. E-Mail-Kontakt<\/strong><\/h4>\n<p>&nbsp;<\/p>\n<h4><span style=\"font-weight: 400;\">1. Beschreibung und Umfang der Datenverarbeitung<\/span><\/h4>\n<p><span style=\"font-weight: 400;\">Auf unserer Internetseite ist eine Kontaktaufnahme \u00fcber die bereitgestellte E-Mail-Adresse m\u00f6glich. In diesem Fall werden die mit der E-Mail \u00fcbermittelten personenbezogenen Daten des Nutzers gespeichert.<\/span><\/p>\n<p><span style=\"font-weight: 400;\">Die Daten werden ausschlie\u00dflich f\u00fcr die Verarbeitung der Konversation verwendet.<\/span><\/p>\n<p>&nbsp;<\/p>\n<h4><span style=\"font-weight: 400;\">2. Zweck der Datenverarbeitung<\/span><\/h4>\n<p><span style=\"font-weight: 400;\">Im Falle einer Kontaktaufnahme per E-Mail liegt hieran auch das erforderliche berechtigte Interesse an der Verarbeitung der Daten.<\/span><\/p>\n<p>&nbsp;<\/p>\n<h4><span style=\"font-weight: 400;\">3. Rechtsgrundlage f\u00fcr die Datenverarbeitung<\/span><\/h4>\n<p><span style=\"font-weight: 400;\">Rechtsgrundlage f\u00fcr die Verarbeitung der Daten ist bei Vorliegen einer Einwilligung des Nutzers Art. 6 Abs. 1 lit. a DSGVO.<\/span><\/p>\n<p><span style=\"font-weight: 400;\">Rechtsgrundlage f\u00fcr die Verarbeitung der Daten, die im Zuge einer \u00dcbersendung einer E-Mail \u00fcbermittelt werden, ist Art. 6 Abs. 1 lit. f DSGVO. Zielt der E-Mail-Kontakt auf den Abschluss eines Vertrages ab, so ist zus\u00e4tzliche Rechtsgrundlage f\u00fcr die Verarbeitung Art. 6 Abs. 1 lit. b DSGVO.<\/span><\/p>\n<p>&nbsp;<\/p>\n<h4><span style=\"font-weight: 400;\">4. Dauer der Speicherung<\/span><\/h4>\n<p><span style=\"font-weight: 400;\">Die Daten werden gel\u00f6scht, sobald sie f\u00fcr die Erreichung des Zweckes ihrer Erhebung nicht mehr erforderlich sind. F\u00fcr die personenbezogenen Daten, die per E-Mail \u00fcbersandt wurden, ist dies dann der Fall, wenn die jeweilige Konversation mit dem Nutzer beendet ist. Beendet ist die Konversation dann, wenn sich aus den Umst\u00e4nden entnehmen l\u00e4sst, dass der betroffene Sachverhalt abschlie\u00dfend gekl\u00e4rt ist.<\/span><\/p>\n<p><span style=\"font-weight: 400;\">Die w\u00e4hrend des Absendevorgangs zus\u00e4tzlich erhobenen personenbezogenen Daten werden sp\u00e4testens nach einer Frist von sieben Tagen gel\u00f6scht.<\/span><\/p>\n<p>&nbsp;<\/p>\n<h4><span style=\"font-weight: 400;\">5. Widerspruchs- und Beseitigungsm\u00f6glichkeit<\/span><\/h4>\n<p><span style=\"font-weight: 400;\">Der Nutzer hat jederzeit die M\u00f6glichkeit, seine Einwilligung zur Verarbeitung der personenbezogenen Daten zu widerrufen. Nimmt der Nutzer per E-Mail Kontakt mit uns auf, so kann er der Speicherung seiner personenbezogenen Daten jederzeit widersprechen. In einem solchen Fall kann die Konversation nicht fortgef\u00fchrt werden.<\/span><\/p>\n<p><span style=\"font-weight: 400;\">F\u00fcr die Kontaktaufnahme per E-Mail wird keine gesonderte Einwilligung eingeholt.<\/span><\/p>\n<p><span style=\"font-weight: 400;\">Alle personenbezogenen Daten, die im Zuge der Kontaktaufnahme gespeichert wurden, werden in diesem Fall gel\u00f6scht.<\/span><\/p>\n                <\/div>\n            <\/div>\n        <\/div>\n    <\/section>\n<\/div>\n\n<div id=\"txt03-block_ef9ca8958d9c2343fed3feea1bd7dab5\" class=\"txt03 toc zierelement-none acf\/txt03\"  data-toctitle=\"IX. Unternehmensauftritte\">\n    <section>\n        <div class=\"container position-relative\">\n\n            <div class=\"row scrollreveal\">\n                <div class=\"col-12 col-lg-8 offset-lg-1\">\n                                        <h4><strong>IX. Unternehmensauftritte<\/strong><\/h4>\n<p>&nbsp;<\/p>\n<p>Wir nutzen die M\u00f6glichkeit von Unternehmensauftritten auf sozialen Netzwerken. Auf folgenden sozialen Netzwerken unterhalten wir einen Unternehmensauftritt:<\/p>\n<h4>1. Instagram:<\/h4>\n<p><span style=\"font-weight: 400;\">Instagram, Part of Facebook Ireland Ltd., 4 Grand Canal Square Grand Canal Harbour, Dublin 2 Ireland<\/span><\/p>\n<p><span style=\"font-weight: 400;\">Auf unserer Unternehmensseite stellen wir Informationen bereit und bieten den Instagram &#8211; Nutzern die M\u00f6glichkeit der Kommunikation. Wenn sie auf unserem Instagram &#8211; Unternehmensauftritt eine Aktion durchf\u00fchren (bspw. Kommentare, Beitr\u00e4ge, Likes etc.) kann es sein, dass Sie dadurch personenbezogene Daten (bspw. Klarname oder Foto Ihres Nutzerprofils) \u00f6ffentlich machen. Da wir aber in der Regel bzw. zu gro\u00dfen Teilen keinen Einfluss auf die Verarbeitung Ihrer personenbezogenen Daten durch Instagram haben, k\u00f6nnen wir zu Zweck und Umfang der Verarbeitung Ihrer Daten keine verbindlichen Angaben machen.<\/span><span style=\"font-weight: 400;\">Unser Unternehmensauftritt in sozialen Netzwerken wird f\u00fcr Kommunikation und Informationsaustausch mit (potenziellen) Kunden genutzt. Insbesondere nutzen wir den Unternehmensauftritt f\u00fcr:<\/span><\/p>\n<p><span style=\"font-weight: 400;\">Die Nutzung von sozialen Netzwerken dient der reinen Information \u00fcber die Dienstleistungen, die von ARQIS angeboten werden, und der Information \u00fcber sonstigen Ereignissen und Neuigkeiten.<\/span><\/p>\n<p><span style=\"font-weight: 400;\">Dabei k\u00f6nnen die Ver\u00f6ffentlichungen \u00fcber den Unternehmensauftritt folgende Inhalte enthalten:<\/span><\/p>\n<ul>\n<li style=\"font-weight: 400;\" aria-level=\"1\"><span style=\"font-weight: 400;\">Informationen \u00fcber Dienstleistungen<\/span><\/li>\n<li style=\"font-weight: 400;\" aria-level=\"1\"><span style=\"font-weight: 400;\">Information \u00fcber sonstigen Ereignissen und Neuigkeiten.<\/span><\/li>\n<\/ul>\n<p><span style=\"font-weight: 400;\">Es steht dabei jedem Nutzer frei, personenbezogene Daten durch Aktivit\u00e4ten zu ver\u00f6ffentlichen.<\/span><\/p>\n<p><span style=\"font-weight: 400;\">Rechtsgrundlage f\u00fcr die Datenverarbeitung ist Art. 6 Abs.1 S.1 lit. a DSGVO.<\/span><\/p>\n<p><span style=\"font-weight: 400;\">Die durch den Instagram-Unternehmensauftritt generierten Daten werden nicht in unseren eigenen Systemen gespeichert.<\/span><\/p>\n<p><span style=\"font-weight: 400;\">Zur Gew\u00e4hrleistung von geeigneten Garantien zum Schutz der \u00dcbermittlung und der Verarbeitung personenbezogener Daten au\u00dferhalb der EU erfolgt die Daten\u00fcbermittlung an und Datenverarbeitung durch Instagram auf Basis geeigneter Garantien nach Art. 46 ff DSGVO, insbesondere durch den Abschluss von sogenannten Standarddatenschutzklauseln nach Art. 46 Abs. 2 c) DSGVO.<\/span><\/p>\n<p><span style=\"font-weight: 400;\">Sie k\u00f6nnen der Verarbeitung Ihrer personenbezogenen Daten, die wir im Rahmen Ihrer Nutzung unseres Instagram &#8211; Unternehmensauftritts erfassen, jederzeit widersprechen und Ihre unter IV. dieser Datenschutzerkl\u00e4rung genannten Betroffenenrechte geltend machen. Senden Sie uns dazu eine formlose E-Mail an datenschutz@ARQIS.com. Zur Verarbeitung Ihrer personenbezogenen Daten durch Instagram und den entsprechenden Widerspruchsm\u00f6glichkeiten finden Sie weitere Informationen hier:<\/span><\/p>\n<p><span style=\"font-weight: 400;\">Instagram: <\/span><a href=\"https:\/\/help.instagram.com\/519522125107875\"><span style=\"font-weight: 400;\">https:\/\/help.instagram.com\/519522125107875<\/span><\/a><span style=\"font-weight: 400;\">\u00a0<\/span><\/p>\n<p>&nbsp;<\/p>\n<h4>2. Twitter:<\/h4>\n<p><span style=\"font-weight: 400;\">Twitter International Company, One Cumberland Place, Fenian Street, Dublin 2, Ireland<\/span><\/p>\n<p><span style=\"font-weight: 400;\">Auf unserer Unternehmensseite stellen wir Informationen bereit und bieten den Twitter &#8211; Nutzern die M\u00f6glichkeit der Kommunikation. Wenn sie auf unserem Twitter &#8211; Unternehmensauftritt eine Aktion durchf\u00fchren (bspw. Kommentare, Beitr\u00e4ge, Likes etc.) kann es sein, dass Sie dadurch personenbezogene Daten (bspw. Klarname oder Foto Ihres Nutzerprofils) \u00f6ffentlich machen. Da wir aber in der Regel bzw. zu gro\u00dfen Teilen keinen Einfluss auf die Verarbeitung Ihrer personenbezogenen Daten durch Twitter haben, k\u00f6nnen wir zu Zweck und Umfang der Verarbeitung Ihrer Daten keine verbindlichen Angaben machen.<\/span><span style=\"font-weight: 400;\">Unser Unternehmensauftritt in sozialen Netzwerken wird f\u00fcr Kommunikation und Informationsaustausch mit (potenziellen) Kunden genutzt. Insbesondere nutzen wir den Unternehmensauftritt f\u00fcr:<\/span><\/p>\n<p><span style=\"font-weight: 400;\">Die Nutzung von sozialen Netzwerken dient der reinen Information \u00fcber die Dienstleistungen, die von ARQIS angeboten werden, und der Information \u00fcber sonstigen Ereignissen und Neuigkeiten.<\/span><\/p>\n<p><span style=\"font-weight: 400;\">Dabei k\u00f6nnen die Ver\u00f6ffentlichungen \u00fcber den Unternehmensauftritt folgende Inhalte enthalten:<\/span><\/p>\n<ul>\n<li style=\"font-weight: 400;\" aria-level=\"1\"><span style=\"font-weight: 400;\">Informationen \u00fcber Dienstleistungen<\/span><\/li>\n<li style=\"font-weight: 400;\" aria-level=\"1\"><span style=\"font-weight: 400;\">Information \u00fcber sonstigen Ereignissen und Neuigkeiten.<\/span><\/li>\n<\/ul>\n<p><span style=\"font-weight: 400;\">Es steht dabei jedem Nutzer frei, personenbezogene Daten durch Aktivit\u00e4ten zu ver\u00f6ffentlichen.<\/span><\/p>\n<p><span style=\"font-weight: 400;\">Rechtsgrundlage f\u00fcr die Datenverarbeitung ist Art. 6 Abs.1 S.1 lit. a DSGVO.<\/span><\/p>\n<p><span style=\"font-weight: 400;\">Die durch den Twitter-Unternehmensauftritt generierten Daten werden nicht in unseren eigenen Systemen gespeichert.<\/span><\/p>\n<p><span style=\"font-weight: 400;\">Zur Gew\u00e4hrleistung von geeigneten Garantien zum Schutz der \u00dcbermittlung und der Verarbeitung personenbezogener Daten au\u00dferhalb der EU erfolgt die Daten\u00fcbermittlung an und Datenverarbeitung durch Twitter auf Basis geeigneter Garantien nach Art. 46 ff DSGVO, insbesondere durch den Abschluss von sogenannten Standarddatenschutzklauseln nach Art. 46 Abs. 2 c) DSGVO.<\/span><\/p>\n<p><span style=\"font-weight: 400;\">Sie k\u00f6nnen der Verarbeitung Ihrer personenbezogenen Daten, die wir im Rahmen Ihrer Nutzung unseres Twitter &#8211; Unternehmensauftritts erfassen, jederzeit widersprechen und Ihre unter IV. dieser Datenschutzerkl\u00e4rung genannten Betroffenenrechte geltend machen. Senden Sie uns dazu eine formlose E-Mail an datenschutz@ARQIS.com. Zur Verarbeitung Ihrer personenbezogenen Daten durch Twitter und den entsprechenden Widerspruchsm\u00f6glichkeiten finden Sie weitere Informationen hier:<\/span><\/p>\n<p><span style=\"font-weight: 400;\">Twitter: <\/span><a href=\"https:\/\/twitter.com\/de\/privacy\"><span style=\"font-weight: 400;\">https:\/\/twitter.com\/de\/privacy<\/span><\/a><span style=\"font-weight: 400;\">\u00a0<\/span><\/p>\n                <\/div>\n            <\/div>\n        <\/div>\n    <\/section>\n<\/div>\n\n<div id=\"txt03-block_91a3de86fb7a6238eff930224210da9b\" class=\"txt03 toc zierelement- acf\/txt03\"  data-toctitle=\"X. Nutzung von Unternehmensauftritten in berufsorientierten Netzwerken\">\n    <section>\n        <div class=\"container position-relative\">\n\n            <div class=\"row scrollreveal\">\n                <div class=\"col-12 col-lg-8 offset-lg-1\">\n                                        <h4><strong>X.<\/strong> <b><\/b><b>Nutz<\/b><b>ung von Unternehmensauftritten in berufsorientierten Netzwerken<\/b><\/h4>\n<p>&nbsp;<\/p>\n<h4>1. Umfang der Datenverarbeitung<\/h4>\n<p><span style=\"font-weight: 400;\">Wir nutzen die M\u00f6glichkeit von Unternehmensauftritten auf berufsorientierten Netzwerken. Auf folgenden berufsorientierten Netzwerken unterhalten wir einen Unternehmensauftritt:<\/span><\/p>\n<p><span style=\"font-weight: 400;\"><strong>LinkedIn:<\/strong> <\/span><span style=\"font-weight: 400;\">LinkedIn, Unlimited Company Wilton Place, Dublin 2, Irland<\/span><\/p>\n<p><span style=\"font-weight: 400;\"><strong>XING:<\/strong> <\/span><span style=\"font-weight: 400;\">XING SE, Dammtorstra\u00dfe 30, 20354 Hamburg, Deutschland<\/span><\/p>\n<p><span style=\"font-weight: 400;\">Auf unserer Seite stellen wir Informationen bereit und bieten den Nutzern die M\u00f6glichkeit der Kommunikation.<\/span><\/p>\n<p><span style=\"font-weight: 400;\">Der Unternehmsauftritt wird f\u00fcr Bewerbungen, Informationen\/PR und Active Sourcing genutzt.<\/span><\/p>\n<p><span style=\"font-weight: 400;\">Da wir aber in der Regel bzw. zu gro\u00dfen Teilen keinen Einfluss auf die Verarbeitung Ihrer personenbezogenen Daten durch die Anbieter der berufsorientierten Netzwerke haben, k\u00f6nnen wir zu Zweck und Umfang der Verarbeitung Ihrer Daten keine verbindlichen Angaben machen. Weitere Informationen dazu finden Sie in der Datenschutzerkl\u00e4rung von:<\/span><\/p>\n<p>LinkedIn: <a href=\"https:\/\/www.linkedin.com\/legal\/privacy-policy?trk=hb_ft_priv\"><span style=\"font-weight: 400;\">https:\/\/www.linkedin.com\/legal\/privacy-policy?trk=hb_ft_priv<\/span><\/a><span style=\"font-weight: 400;\">\u00a0<\/span><\/p>\n<p>XING: <a href=\"https:\/\/privacy.xing.com\/de\/datenschutzerklaerung\"><span style=\"font-weight: 400;\">https:\/\/privacy.xing.com\/de\/datenschutzerklaerung<\/span><\/a><span style=\"font-weight: 400;\">\u00a0<\/span><\/p>\n<p><span style=\"font-weight: 400;\">Wenn sie auf unserem Unternehmensauftritt eine Aktion durchf\u00fchren (bspw. Kommentare, Beitr\u00e4ge, Likes etc.) kann es sein, dass Sie dadurch personenbezogene Daten (bspw. Klarname oder Foto Ihres Nutzerprofils) \u00f6ffentlich machen.<\/span><\/p>\n<p>&nbsp;<\/p>\n<h4>2. Rechtsgrundlage f\u00fcr die Datenverarbeitung<\/h4>\n<p><span style=\"font-weight: 400;\">Die Rechtsgrundlage f\u00fcr die Verarbeitung Ihrer Daten im Zusammenhang mit der Nutzung unseres Unternehmensauftritts ist Art. 6 Abs. 1 S. 1 lit. f DSGVO.<\/span><\/p>\n<p>&nbsp;<\/p>\n<h4>3. Zweck der Datenverarbeitung<\/h4>\n<p><span style=\"font-weight: 400;\">Unser Unternehmensauftritt auf berufsorientierten Netzwerken dient uns dazu, die Nutzer \u00fcber unsere Dienstleistungen zu informieren. Dabei steht es jedem Nutzer frei, personenbezogene Daten durch Aktivit\u00e4ten zu ver\u00f6ffentlichen.<\/span><\/p>\n<p>&nbsp;<\/p>\n<h4>4. Dauer der Speicherung<\/h4>\n<p><span style=\"font-weight: 400;\">Wir speichern Ihre \u00fcber unseren Unternehmensauftritt ver\u00f6ffentlichte Aktivit\u00e4ten und personenbezogenen Daten bis zum Widerruf der Einwilligung. Dar\u00fcber hinaus wahren wir die gesetzlichen Aufbewahrungsfristen.<\/span><\/p>\n<p>&nbsp;<\/p>\n<h4>5. Widerspruchs- und Beseitigungsm\u00f6glichkeit<\/h4>\n<p><span style=\"font-weight: 400;\">Sie k\u00f6nnen der Verarbeitung Ihrer personenbezogenen Daten, die wir im Rahmen Ihrer Nutzung unseres Unternehmensauftritts erfassen, jederzeit widersprechen und Ihre unter IV. dieser Datenschutzerkl\u00e4rung genannten Betroffenenrechte geltend machen. Senden Sie uns dazu eine formlose E-Mail an die in dieser Datenschutzerkl\u00e4rung genannte E-Mail-Adresse.<\/span><\/p>\n<p><span style=\"font-weight: 400;\">Zur Gew\u00e4hrleistung von geeigneten Garantien zum Schutz der \u00dcbermittlung und der Verarbeitung personenbezogener Daten au\u00dferhalb der EU erfolgt die Daten\u00fcbermittlung an und Datenverarbeitung durch LinkedIn auf Basis geeigneter Garantien nach Art. 46 ff DSGVO, insbesondere durch den Abschluss von sogenannten Standarddatenschutzklauseln nach Art. 46 Abs. 2 c) DSGVO.<\/span><\/p>\n<p><span style=\"font-weight: 400;\">Weitere Informationen zu Widerspruchs- und Beseitigungsm\u00f6glichkeiten finden Sie hier:<\/span><\/p>\n<p><span style=\"font-weight: 400;\">LinkedIn: <\/span><a href=\"https:\/\/www.linkedin.com\/legal\/privacy-policy?trk=hb_ft_priv\"><span style=\"font-weight: 400;\">https:\/\/www.linkedin.com\/legal\/privacy-policy?trk=hb_ft_priv<\/span><\/a><span style=\"font-weight: 400;\">\u00a0<\/span><\/p>\n<p><span style=\"font-weight: 400;\">XING: <\/span><a href=\"https:\/\/privacy.xing.com\/de\/datenschutzerklaerung\"><span style=\"font-weight: 400;\">https:\/\/privacy.xing.com\/de\/datenschutzerklaerung<\/span><\/a><span style=\"font-weight: 400;\">\u00a0<\/span><\/p>\n<p>&nbsp;<\/p>\n                <\/div>\n            <\/div>\n        <\/div>\n    <\/section>\n<\/div>\n\n<div id=\"txt03-block_33c800beb8bb9c92c8d0f227c779f913\" class=\"txt03 toc zierelement-none acf\/txt03\"  data-toctitle=\"XI. Videolyser\">\n    <section>\n        <div class=\"container position-relative\">\n\n            <div class=\"row scrollreveal\">\n                <div class=\"col-12 col-lg-8 offset-lg-1\">\n                                        <h4><strong>XI. Videolyser <\/strong><\/h4>\n<p>Auf unsere Unternehmensseite werden Videos \u00fcber den Anbieter Videolyser eingebettet, der von der bullz-eye-networks, Kirchtal 5, 37431 Bad Lauterberg, Deutschland (\u201eVideolyser\u201c) betrieben wird.<\/p>\n<p>Wenn Sie eine unserer mit einem Videolyser-Plugin ausgestatteten Seiten besuchen, wird eine Verbindung zu den Servern von Videolyser hergestellt. Dabei wird \u00fcbermittelt, welche unserer Seiten Sie besucht haben. Zudem erlangt Videolyser Ihre anonymisierte IP-Adresse. Dies gilt auch dann, wenn Sie zum Zeitpunkt der \u00dcbermittlung nicht Inhaber eines Videolyser-Accounts sind oder nicht bei Videolyser eingeloggt sind.<\/p>\n<p>Wenn Sie in Ihrem Videolyser-Account eingeloggt sind, erm\u00f6glichen Sie Videolyser, Ihr Surfverhalten direkt Ihrem pers\u00f6nlichen Profil zuzuordnen. Dies k\u00f6nnen Sie verhindern, indem Sie sich aus Ihrem Videolyser-Account ausloggen und die auf Ihrem Ger\u00e4t gesetzten Cookies l\u00f6schen.<\/p>\n<p>Weitere Informationen dazu, wie Videolyser Ihre personenbezogenen Daten verarbeitet, finden Sie unter: <a href=\"https:\/\/www.videolyser.de\/datenschutz.php\">https:\/\/www.videolyser.de\/datenschutz.php<\/a>. Wir nutzen Videolyser ohne die Einbettung eines Google Analytics Codes, weshalb keine Datenverarbeitung durch Google Analytics stattfindet.<\/p>\n<p class=\"p1\">Die Rechtsgrundlage f\u00fcr die Verarbeitung Ihrer personenbezogenen Daten ist unser berechtigtes Interesse gem\u00e4\u00df Art. 6 Abs. 1 lit. f) DSGVO zum Zwecke der Pr\u00e4sentation unseres Unternehmens in ansprechender Form.<\/p>\n                <\/div>\n            <\/div>\n        <\/div>\n    <\/section>\n<\/div>\n\n\n<div id=\"txt01-block_89f821fddaf1d68c8f30bf9c1778f98b\" class=\"txt01 toc zierelement-none acf\/txt01\"  data-toctitle=\"XII. Verwendung von Matomo\">\n    <section>\n        <div class=\"container position-relative\">\n\n                        <div class=\"row scrollreveal\">\n                <div class=\"col-12 col-lg-8 offset-lg-1\">\n                    <h4><strong>XII. Verwendung von Matomo<\/strong><\/h4>\n<p>Wir nutzen den Webanalysedienst Matomo, um die Nutzung unserer Website analysieren und verbessern zu k\u00f6nnen. Matomo ist ein Open-Source-Projekt, das Datenschutz und die Einhaltung der DSGVO in den Vordergrund stellt (<a href=\"https:\/\/matomo.org\/gdpr\/\">https:\/\/matomo.org\/gdpr\/<\/a>). Die Datenschutzhinweise von Matomo finden Sie\u00a0<a href=\"https:\/\/matomo.org\/privacy-policy\/\">hier<\/a>. Matomo wird auf einem dedizierten Server des Verantwortlichen betrieben, auf den Matomo keinen Zugriff hat. Es erfolgt auch keine Datenweitergabe an Matomo.<\/p>\n<p>\u00dcber die im Rahmen des Einsatzes von Matomo gewonnenen Statistiken k\u00f6nnen wir unser Angebot verbessern und f\u00fcr Sie als Nutzer interessanter ausgestalten. Unsere Website verwendet Matomo in der Form, dass IP-Adressen nur gek\u00fcrzt weiterverarbeitet werden (Maskierung von 2 Oktetten), eine direkte Personenbeziehbarkeit kann damit ausgeschlossen werden. Werden Einzelseiten unserer Website aufgerufen, so werden folgende Daten gespeichert:<\/p>\n<ul>\n<li>Zwei Bytes der IP-Adresse des aufrufenden Systems des Nutzers (anonymisierte IP-Adresse)<\/li>\n<li>Die aufgerufene Website<\/li>\n<li>Die Website, von der der Nutzer auf die aufgerufene Seite gelangt ist (Referrer)<\/li>\n<li>Die Unterseite, die von der aufgerufenen Website aus aufgerufen werden<\/li>\n<li>Die Aufenthaltsdauer auf der Website<\/li>\n<li>Die H\u00e4ufigkeit des Aufrufs der Website<\/li>\n<\/ul>\n<p>Bei der \u00dcbermittlung der statistischen Daten werden keine personenbezogenen Daten erfasst. Dennoch haben Sie die M\u00f6glichkeit, der Erfassung Ihres \u2013 bereits anonymisierten \u2013 Nutzungsverhaltens zu widersprechen. Alternativ k\u00f6nnen Sie das iFrame einbetten.<br \/>\nIhr Besuch dieser Website wird aktuell von dem Matomo Webanalysedienst erfasst. Klicken Sie <a href=\"https:\/\/piwik.rag.de\/index.php?module=CoreAdminHome&amp;action=optOut&amp;language=de\">hier<\/a>, damit Ihr Besuch nicht mehr erfasst wird.\u00a0Details hier\u00fcber finden Sie in unseren Cookie-Richtlinien unter Ziffer VI.<\/p>\n<p>Unsere Website verwendet Matomo in der Form, dass \u00fcber dieses Deaktivierungscookie hinaus keine Cookies gesetzt werden.<\/p>\n<p>Die Verarbeitung der genannten Daten der Nutzer erm\u00f6glicht uns eine Analyse des Surfverhaltens unserer Nutzer. Wir sind in durch die Auswertung der gewonnen Daten in der Lage, Informationen \u00fcber die Nutzung der einzelnen Komponenten unserer Website zusammenzustellen. Dies hilft uns dabei unsere Website und deren Nutzerfreundlichkeit stetig zu verbessern. Durch die Anonymisierung der IP-Adresse wird dem Interesse der Nutzer an deren Schutz personenbezogener Daten hinreichend Rechnung getragen. Rechtsgrundlage f\u00fcr die Nutzung von Matomo ist Art. 6 Abs. 1 lit. f) DSGVO.<\/p>\n<p>&nbsp;<\/p>\n<p>&nbsp;<\/p>\n                                                        <\/div>\n            <\/div>\n                    <\/div>\n    <\/section>\n<\/div>\n\n<div id=\"txt03-block_b3b8ad3f3f2314b969c33e5c9135778c\" class=\"txt03 toc zierelement-none acf\/txt03\"  data-toctitle=\"XIII. Hosting\">\n    <section>\n        <div class=\"container position-relative\">\n\n            <div class=\"row scrollreveal\">\n                <div class=\"col-12 col-lg-8 offset-lg-1\">\n                                        <h4><strong>XIII. Hosting<\/strong><\/h4>\n<p>&nbsp;<\/p>\n<p><span style=\"font-weight: 400;\">Die Webseite wird auf Servern von einem durch uns beauftragten Dienstleister gehostet.<\/span><\/p>\n<p><span style=\"font-weight: 400;\">Unser Dienstleister ist: <\/span><span style=\"font-weight: 400;\">WordPress<\/span><\/p>\n<p><span style=\"font-weight: 400;\">Die Server erheben und speichern automatisch Informationen in sogenannten Server-Log-Dateien, die Ihr Browser beim Besuch der Webseite automatisch \u00fcbermittelt. Die gespeicherten Informationen sind:<\/span><\/p>\n<ul>\n<li>\u00a0<span style=\"font-weight: 400;\">Browsertyp und Browserversion<\/span><\/li>\n<li>\u00a0<span style=\"font-weight: 400;\">Verwendetes Betriebssystem<\/span><\/li>\n<li>\u00a0<span style=\"font-weight: 400;\">Referrer URL<\/span><\/li>\n<li>\u00a0<span style=\"font-weight: 400;\">Hostname des zugreifenden Rechners<\/span><\/li>\n<li>\u00a0<span style=\"font-weight: 400;\">Datum und Uhrzeit der Serveranfrage<\/span><\/li>\n<li>\u00a0<span style=\"font-weight: 400;\">IP-Adresse<\/span><\/li>\n<\/ul>\n<p><span style=\"font-weight: 400;\">Eine Zusammenf\u00fchrung dieser Daten mit anderen Datenquellen wird nicht vorgenommen. Die Erfassung dieser Daten erfolgt auf Grundlage von Art. 6 Abs. 1 lit. f DSGVO. Der Webseitenbetreiber hat ein berechtigtes Interesse an der technisch fehlerfreien Darstellung und der Optimierung seiner Webseite \u2013 hierzu m\u00fcssen die Server-Log-Files erfasst werden.<\/span><\/p>\n<p><span style=\"font-weight: 400;\">Der Standort des Servers der Webseite liegt geografisch in Deutschland.<\/span><\/p>\n<p>&nbsp;<\/p>\n                <\/div>\n            <\/div>\n        <\/div>\n    <\/section>\n<\/div>\n\n<div id=\"txt03-block_e86fcf176a6116b81f7ab15529e8daa3\" class=\"txt03 toc zierelement-none acf\/txt03\"  data-toctitle=\"XIV. Geotargeting\">\n    <section>\n        <div class=\"container position-relative\">\n\n            <div class=\"row scrollreveal\">\n                <div class=\"col-12 col-lg-8 offset-lg-1\">\n                                        <h4><strong>XIV. Geotargeting<\/strong><\/h4>\n<p>&nbsp;<\/p>\n<p><span style=\"font-weight: 400;\">Wir verwenden die IP-Adresse und andere vom Nutzer bereitgestellte Informationen (Insbesondere Postleitzahl im Rahmen der Registrierung oder Bestellung) zur regionalen Zielgruppenansprache (sog. &#8222;Geotargeting&#8220;).<\/span><\/p>\n<p><span style=\"font-weight: 400;\">Die regionale Zielgruppenansprache dient beispielsweise dazu, Ihnen automatisch regionale Angebote bzw. Werbung anzuzeigen, die f\u00fcr Nutzer eine oft h\u00f6here Relevanz aufweisen. Rechtsgrundlage f\u00fcr die Nutzung der IP-Adresse sowie ggf. anderer vom Nutzer bereitgestellter Informationen (Insbesondere Postleitzahl) ist Art. 6 Abs. 1 lit. f DSGVO, basierend auf unserem Interesse, eine genauere Zielgruppenansprache zu gew\u00e4hrleisten und damit Angebote und Werbung mit h\u00f6herer Relevanz f\u00fcr die Nutzer bereitzustellen.<\/span><\/p>\n<p><span style=\"font-weight: 400;\">Dabei werden ein Teil der IP-Adresse sowie die zus\u00e4tzlich durch den Nutzer bereitgestellten Informationen (Insbesondere Postleitzahl) lediglich ausgelesen und nicht separat gespeichert.<\/span><\/p>\n<p><span style=\"font-weight: 400;\">Sie k\u00f6nnen Geotargeting verhindern, indem Sie beispielsweise einen VPN- oder Proxy-Server nutzen, die eine genaue Lokalisierung verhindern. Zus\u00e4tzlich k\u00f6nnen Sie je nach verwendetem Browser auch in den entsprechenden Browsereinstellungen (soweit dies der jeweilige Browser unterst\u00fctz), eine Standortlokalisierung deaktivieren.<\/span><\/p>\n<p><span style=\"font-weight: 400;\">Wir verwenden auf unserer Webseite Geotargeting f\u00fcr folgende Zwecke:<\/span><\/p>\n<ul>\n<li><span style=\"font-weight: 400;\">Kundenansprache<\/span><\/li>\n<li><span style=\"font-weight: 400;\">Werbezwecke<\/span><\/li>\n<\/ul>\n<p>&nbsp;<\/p>\n                <\/div>\n            <\/div>\n        <\/div>\n    <\/section>\n<\/div>\n\n<div id=\"txt03-block_c0538bd1fce7b9466a4b3c8f90108f19\" class=\"txt03 toc zierelement-none acf\/txt03\"  data-toctitle=\"XV. Registrierung\">\n    <section>\n        <div class=\"container position-relative\">\n\n            <div class=\"row scrollreveal\">\n                <div class=\"col-12 col-lg-8 offset-lg-1\">\n                                        <h4><strong>XV. <\/strong><b>Registrierung<\/b><\/h4>\n<p>&nbsp;<\/p>\n<h4><span style=\"font-weight: 400;\">1. Beschreibung und Umfang der Datenverarbeitung<\/span><\/h4>\n<p>Auf unserer Internetseite bieten wir Nutzern die M\u00f6glichkeit, sich unter Angabe personenbezogener Daten zu registrieren. Die Daten werden dabei in eine Eingabemaske eingegeben und an uns \u00fcbermittelt und gespeichert. Eine Weitergabe der Daten an Dritte findet nicht statt. Folgende Daten werden im Rahmen des Registrierungsprozesses erhoben:<\/p>\n<ul>\n<li><span style=\"font-weight: 400;\">E-Mail-Adresse<\/span><\/li>\n<li><span style=\"font-weight: 400;\">Name<\/span><\/li>\n<li><span style=\"font-weight: 400;\">Vorname<\/span><\/li>\n<li><span style=\"font-weight: 400;\">Pseudonym<\/span><\/li>\n<li><span style=\"font-weight: 400;\">Adresse<\/span><\/li>\n<li><span style=\"font-weight: 400;\">Telefon- \/ Mobilfunknummer<\/span><\/li>\n<li><span style=\"font-weight: 400;\">IP-Adresse des aufrufenden Rechners<\/span><\/li>\n<li><span style=\"font-weight: 400;\">Datum und Uhrzeit der Registrierung<\/span><\/li>\n<\/ul>\n<p><span style=\"font-weight: 400;\">Im Rahmen des Registrierungsprozesses wird eine Einwilligung des Nutzers zur Verarbeitung dieser Daten eingeholt.<\/span><\/p>\n<p>&nbsp;<\/p>\n<h4><span style=\"font-weight: 400;\">2. Zweck der Datenverarbeitung<\/span><\/h4>\n<p><span style=\"font-weight: 400;\">Eine Registrierung des Nutzers ist f\u00fcr das Bereithalten bestimmter Inhalte und Leistungen auf unserer Webseite erforderlich.<\/span><\/p>\n<p>&nbsp;<\/p>\n<h4><span style=\"font-weight: 400;\">3. Rechtsgrundlage f\u00fcr die Datenverarbeitung<\/span><\/h4>\n<p><span style=\"font-weight: 400;\">Rechtsgrundlage f\u00fcr die Verarbeitung der Daten ist bei Vorliegen einer Einwilligung des Nutzers Art. 6 Abs. 1 S. 1 lit. a DSGVO.<\/span><\/p>\n<p>&nbsp;<\/p>\n<h4><span style=\"font-weight: 400;\">4. Dauer der Speicherung<\/span><\/h4>\n<p><span style=\"font-weight: 400;\">Die Daten werden gel\u00f6scht, sobald sie f\u00fcr die Erreichung des Zweckes ihrer Erhebung nicht mehr erforderlich sind.<\/span><\/p>\n<p><span style=\"font-weight: 400;\">Dies ist f\u00fcr die w\u00e4hrend des Registrierungsvorgangs erhobenen Daten der Fall, wenn die Registrierung auf unserer Internetseite aufgehoben oder abge\u00e4ndert wird.<\/span><\/p>\n<p>&nbsp;<\/p>\n<h4><span style=\"font-weight: 400;\">5. Widerspruchs- und Beseitigungsm\u00f6glichkeit<\/span><\/h4>\n<p><span style=\"font-weight: 400;\">Als Nutzer haben sie jederzeit die M\u00f6glichkeit, die Registrierung aufzul\u00f6sen. Die \u00fcber Sie gespeicherten Daten k\u00f6nnen Sie jederzeit ab\u00e4ndern lassen.\u00a0<\/span><\/p>\n<p>&nbsp;<\/p>\n                <\/div>\n            <\/div>\n        <\/div>\n    <\/section>\n<\/div>\n\n<div id=\"txt03-block_6d8b5bf324d2de71e0ac85fa43c306a1\" class=\"txt03 toc zierelement-none acf\/txt03\"  data-toctitle=\"XVI. Bewerbung\">\n    <section>\n        <div class=\"container position-relative\">\n\n            <div class=\"row scrollreveal\">\n                <div class=\"col-12 col-lg-8 offset-lg-1\">\n                                        <h4><strong>XVI. <\/strong><b>Bewerbung<\/b><\/h4>\n<p>&nbsp;<\/p>\n<h4><span style=\"font-weight: 400;\">1. Beschreibung und Umfang der Datenverarbeitung<\/span><\/h4>\n<p><span style=\"font-weight: 400;\">Auf unserer Internetseite bieten wir Nutzern die M\u00f6glichkeit, sich unter Angabe personenbezogener Daten zu bewerben. Die Daten werden dabei in eine Eingabemaske eingegeben und an uns \u00fcbermittelt und gespeichert.<\/span><\/p>\n<p><span style=\"font-weight: 400;\">Folgende Daten werden im Rahmen des Bewerbungsprozesses erhoben:<\/span><\/p>\n<ul>\n<li><span style=\"font-weight: 400;\">Name (Vor- sowie Nachname)<\/span><\/li>\n<li><span style=\"font-weight: 400;\">E-Mail-Adresse<\/span><\/li>\n<li><span style=\"font-weight: 400;\">Telefonnummer<\/span><\/li>\n<li><span style=\"font-weight: 400;\">Kanal, \u00fcber den Sie auf uns aufmerksam geworden sind<\/span><\/li>\n<\/ul>\n<p><span style=\"font-weight: 400;\">Au\u00dferdem haben Sie die M\u00f6glichkeit, aussagekr\u00e4ftige Dokumente wie ein Anschreiben, Ihren Lebenslauf und Zeugnisse hochzuladen. Darin befinden sich ggf. weitere personenbezogene Daten wie Geburtsdatum, Adresse etc.<\/span><\/p>\n<p><span style=\"font-weight: 400;\">Auf Ihre Daten haben nur autorisierte Mitarbeiter(innen) aus dem Personalbereich bzw. in das Bewerbungsverfahren involvierte Mitarbeiter Zugriff.\u00a0<\/span><\/p>\n<p>&nbsp;<\/p>\n<h4><span style=\"font-weight: 400;\">2. Z<\/span><span style=\"font-weight: 400;\">weck der Datenverarbeitung<\/span><\/h4>\n<p><span style=\"font-weight: 400;\">Sollten Sie sich bei uns \u00fcber unser Webformular bewerben, dann erheben und verarbeiten wir Ihre personenbezogenen Daten zum Zwecke der Abwicklung des Bewerbungsverfahrens und zur Durchf\u00fchrung vorvertraglicher Ma\u00dfnahmen.<\/span><\/p>\n<p><span style=\"font-weight: 400;\">Mit dem Absenden einer Bewerbung auf unserer Recruiting-Seite bekunden Sie Ihr Interesse, eine Besch\u00e4ftigung bei uns aufnehmen zu wollen. Sie \u00fcbermitteln uns in diesem Zusammenhang personenbezogene Daten, die wir ausschlie\u00dflich zum Zwecke Ihrer Stellensuche\/Bewerbung nutzen und speichern.\u00a0<\/span><\/p>\n<p>&nbsp;<\/p>\n<h4><span style=\"font-weight: 400;\">3. Weitergabe an Personio<\/span><\/h4>\n<p><span style=\"font-weight: 400;\">Personio GmbH, Rundfunkplatz 4, 80335 M\u00fcnchen, Deutschland<\/span><\/p>\n<p><span style=\"font-weight: 400;\">Die im Rahmen Ihrer Bewerbung \u00fcbermittelten Daten werden per TLS-Verschl\u00fcsselung \u00fcbertragen und in einer Datenbank gespeichert. Diese Datenbank wird von der Personio GmbH, welche eine Personalverwaltungs- und Bewerbermanagement-Software anbietet, betrieben. Personio ist in diesem Zusammenhang Auftragsverarbeiter nach Art. 28 DSGVO. Wir haben zu diesem Zwecke einen Vertrag zur Auftragsverarbeitung mit Personio geschlossen. N\u00e4here Informationen zur Datenverarbeitung durch Personio finden Sie unter <\/span><a href=\"https:\/\/www.personio.de\/datenschutzerklaerung\/\"><span style=\"font-weight: 400;\">https:\/\/www.personio.de\/datenschutzerklaerung\/<\/span><\/a><span style=\"font-weight: 400;\">.<\/span><\/p>\n<p>&nbsp;<\/p>\n<h4><span style=\"font-weight: 400;\">4. Weitergabe an<\/span><span style=\"font-weight: 400;\">\u00a0Cronofy<\/span><\/h4>\n<p><span style=\"font-weight: 400;\">Cronofy Limited, 9a Beck Street, Nottingham, NG1 1EQ, UK<\/span><\/p>\n<p><span style=\"font-weight: 400;\">Um interne Termine oder Gespr\u00e4chstermine mit Bewerbern direkt \u00fcber die Recruiting-Plattform zu organisieren und die entsprechenden Personen auch direkt einzuladen integrieren wir den Dienst der Cronofy Limited. Cronofy ist in diesem Zusammenhang Auftragsverarbeiter nach Art. 28 DSGVO. Wir haben zu diesem Zwecke einen Vertrag zur Auftragsverarbeitung mit Cronofy geschlossen. N\u00e4here Informationen zur Datenverarbeitung durch Cronofy finden Sie unter <\/span><a href=\"https:\/\/docs.cronofy.com\/policies\/privacy-notice\/\"><span style=\"font-weight: 400;\">https:\/\/docs.cronofy.com\/policies\/privacy-notice\/<\/span><\/a><span style=\"font-weight: 400;\">.<\/span><\/p>\n<p>&nbsp;<\/p>\n<h4><span style=\"font-weight: 400;\">5. Dauer der Speicherung<\/span><\/h4>\n<p><span style=\"font-weight: 400;\">Die Speicherung der personenbezogenen Daten erfolgt grunds\u00e4tzlich ausschlie\u00dflich f\u00fcr den Zweck, der Besetzung der vakanten Stelle, f\u00fcr die Sie sich beworben haben.\u00a0<\/span><\/p>\n<p><span style=\"font-weight: 400;\">Ihre Daten werden im Falle einer nicht erfolgreichen Bewerbung \u00fcber einen Zeitraum von maximal zwei Monaten nach der Entscheidung \u00fcber die Ablehnung hinaus gespeichert. Dies erfolgt zur Erf\u00fcllung von rechtlichen Verpflichtungen bzw. der Abwehr von etwaigen Anspr\u00fcchen aus gesetzlichen Vorschriften. Anschlie\u00dfend sind wir verpflichtet, Ihre personenbezogenen Daten zu l\u00f6schen bzw. zu anonymisieren. In diesem Falle stehen uns die Daten nur noch als sogenannte Metadaten ohne direkten Personenbezug f\u00fcr statistische Auswertungen zur Verf\u00fcgung (beispielsweise Frauen- bzw. M\u00e4nneranteil an Bewerbungen, Anzahl an Bewerbungen pro Zeitraum etc.).<\/span><\/p>\n<p><span style=\"font-weight: 400;\">F\u00fcr die Verarbeitung Ihrer personenbezogenen Daten \u00fcber das Ende des konkreten Bewerbungsverfahrens hinaus wird im Rahmen des Absendevorgangs Ihre Einwilligung i.S.d. \u00a7 26 Abs. 3 S. 2 und Abs. 2 BDSG eingeholt. Nur wenn Sie diese Einwilligung erteilen, werden Ihre Daten f\u00fcr einen Zeitraum von [zw\u00f6lf] Monaten gespeichert, um Sie sp\u00e4ter zu kontaktieren und den Bewerbungsprozess fortzusetzen, wenn Sie f\u00fcr eine andere Position in Frage kommen.<\/span><\/p>\n<p><span style=\"font-weight: 400;\">Sofern Sie im Rahmen des Bewerbungsverfahrens ein Angebot f\u00fcr eine Anstellung bei uns erhalten und dieses annehmen, speichern wir die im Rahmen des Bewerbungsverfahrens erhobenen personenbezogenen Daten gegebenenfalls f\u00fcr die Dauer des Angestelltenverh\u00e4ltnisses.<\/span><\/p>\n<p>&nbsp;<\/p>\n<h4><span style=\"font-weight: 400;\">6. W<\/span><span style=\"font-weight: 400;\">iderspruchs- und Beseitigungsm\u00f6glichkeit<\/span><\/h4>\n<p><span style=\"font-weight: 400;\">Sie k\u00f6nnen der Verarbeitung Ihrer personenbezogenen Daten, die wir im Rahmen des Bewerbungsprozesses erfassen, jederzeit widersprechen und Ihre unter IV. dieser Datenschutzerkl\u00e4rung genannten Betroffenenrechte geltend machen. Senden Sie uns dazu eine formlose E-Mail an <\/span><a href=\"mailto:ARQIS@ARQIS.com\"><span style=\"font-weight: 400;\">ARQIS@ARQIS.com<\/span><\/a><span style=\"font-weight: 400;\"> oder wenden Sie sich an den unter II. genannten Datenschutzbeauftragten.<\/span><\/p>\n<p>&nbsp;<\/p>\n                <\/div>\n            <\/div>\n        <\/div>\n    <\/section>\n<\/div>\n\n\n\n\n<div id=\"txt03-block_e8923955f5b33466920885dfc96f9ced\" class=\"txt03 toc zierelement-none acf\/txt03\"  data-toctitle=\"XVIII. Veranstaltungen\">\n    <section>\n        <div class=\"container position-relative\">\n\n            <div class=\"row scrollreveal\">\n                <div class=\"col-12 col-lg-8 offset-lg-1\">\n                                        <h4><strong>XVIII. Veranstaltungen<\/strong><\/h4>\n<p>&nbsp;<\/p>\n<h4><span style=\"font-weight: 400;\">1. Beschreibung und Umfang der Datenverarbeitung<\/span><\/h4>\n<p><span style=\"font-weight: 400;\">Wir f\u00fchren in unseren Kanzleir\u00e4umen oder virtuell (Videokonferenz) Veranstaltungen durch, zu denen wir exklusiv einladen. In der jeweiligen Einladung befindet sich ein Link, der zu einem Anmeldeformular auf unserer Homepage f\u00fchrt. Die in das Formular eingegebenen Daten werden an uns \u00fcbermittelt und gespeichert. Eine Weitergabe der Daten an Dritte findet nicht statt. Folgende Daten werden im Rahmen des Anmeldeprozesses erhoben:<\/span><\/p>\n<ul>\n<li><span style=\"font-weight: 400;\">E-Mail-Adresse<\/span><\/li>\n<li><span style=\"font-weight: 400;\">Name<\/span><\/li>\n<li><span style=\"font-weight: 400;\">Vorname<\/span><\/li>\n<li><span style=\"font-weight: 400;\">Adresse<\/span><\/li>\n<li><span style=\"font-weight: 400;\">Telefon- \/ Mobilfunknummer<\/span><\/li>\n<\/ul>\n<p>&nbsp;<\/p>\n<h4><span style=\"font-weight: 400;\">2. Zweck der Datenverarbeitung<\/span><\/h4>\n<p><span style=\"font-weight: 400;\">Wir verarbeiten die oben genannten personenbezogenen Daten f\u00fcr die Organisation, Durchf\u00fchrung und Abwicklung der ausgeschriebenen Veranstaltung. Sofern wir auf Veranstaltungen Ihre personenbezogenen Daten f\u00fcr dar\u00fcberhinausgehende Zwecke verarbeiten, werden Sie dar\u00fcber anl\u00e4sslich gesondert Informiert.\u00a0<\/span><\/p>\n<p>&nbsp;<\/p>\n<h4><span style=\"font-weight: 400;\">3. Rechtsgrundlage f\u00fcr die Datenverarbeitung<\/span><\/h4>\n<p><span style=\"font-weight: 400;\">Die Rechtsgrundlage f\u00fcr die Verarbeitung Ihrer Daten im Zusammenhang mit der Durchf\u00fchrung von Veranstaltungen ist Art. 6 Abs. 1 S. 1 lit. f DSGVO.<\/span><\/p>\n<p>&nbsp;<\/p>\n<h4><span style=\"font-weight: 400;\">4. Dauer der Speicherung<\/span><\/h4>\n<p><span style=\"font-weight: 400;\">Die Daten werden gel\u00f6scht, sobald sie f\u00fcr die Erreichung des Zweckes ihrer Erhebung nicht mehr erforderlich sind, au\u00dfer ihre Speicherung oder Verarbeitung ist zu einem anderen Zweck gerechtfertigt. Dies ist f\u00fcr die w\u00e4hrend der Anmeldung zu einer Veranstaltung erhobenen Daten der Fall, wenn die Veranstaltung beendet und vollst\u00e4ndig abgewickelt ist.<\/span><\/p>\n<p>&nbsp;<\/p>\n<h4><span style=\"font-weight: 400;\">5. Widerspruchs- und Beseitigungsm\u00f6glichkeit<\/span><\/h4>\n<p><span style=\"font-weight: 400;\">Sie k\u00f6nnen der Verarbeitung Ihrer personenbezogenen Daten, die wir im Rahmen der Durchf\u00fchrung von Veranstaltungen erfassen, jederzeit widersprechen und Ihre unter IV. dieser Datenschutzerkl\u00e4rung genannten Betroffenenrechte geltend machen. Senden Sie uns dazu eine formlose E-Mail an <\/span><a href=\"mailto:ARQIS@ARQIS.com\"><span style=\"font-weight: 400;\">ARQIS@ARQIS.com<\/span><\/a><span style=\"font-weight: 400;\"> oder wenden Sie sich an den unter II. genannten Datenschutzbeauftragten.<\/span><\/p>\n                <\/div>\n            <\/div>\n        <\/div>\n    <\/section>\n<\/div>\n\n<div id=\"txt03-block_f01cde777c87910913285e562bf887e6\" class=\"txt03 is-style-default toc zierelement-none acf\/txt03\"  data-toctitle=\"XIX. Kontaktaufnahme per NFC-Visitenkarte\">\n    <section>\n        <div class=\"container position-relative\">\n\n            <div class=\"row scrollreveal\">\n                <div class=\"col-12 col-lg-8 offset-lg-1\">\n                                        <h4><strong>XIX. Kontaktaufnahme per NFC-Visitenkarte<\/strong><\/h4>\n<p>&nbsp;<\/p>\n<h4 style=\"font-weight: 400;\">1. Beschreibung und Umfang der Datenverarbeitung<\/h4>\n<p>Unsere Rechtsanw\u00e4lte verwenden NFC-Visitenkarten, die den digitalen Austausch von Kontaktdaten erm\u00f6glichen. \u00dcber das digitale Formular zur Erfassung Ihrer Kontaktdaten erheben wir folgende Daten von Ihnen:<\/p>\n<ul>\n<li>Vorname<\/li>\n<li>Nachname<\/li>\n<li>E-Mail-Adresse<\/li>\n<li>Unternehmen<\/li>\n<li>Telefonnummer \u2013 Mobil<\/li>\n<li>Telefonnummer \u2013 Arbeit<\/li>\n<li>Notiz<\/li>\n<\/ul>\n<p>&nbsp;<\/p>\n<h4 style=\"font-weight: 400;\">2. Zweck der Datenverarbeitung<\/h4>\n<p>Wenn Sie uns Ihre Daten \u00fcber das Formular zur Erfassung Ihrer Kontaktdaten bereitstellen, erfolgt die Verarbeitung Ihrer Daten zur Speicherung im Adressbuch des entsprechenden Rechtsanwalts, zur Pflege und Aufrechterhaltung des gesch\u00e4ftlichen Kontakts mit Ihnen und ggf. der Bearbeitung Ihrer Anfrage in der von Ihnen hinterlassenen Notiz.<\/p>\n<p>&nbsp;<\/p>\n<h4 style=\"font-weight: 400;\">3. Weitergabe an Lemontaps<\/h4>\n<p>Lemon Innovation &amp; Technology GmbH, Seyfferstra\u00dfe 34, 70197 Stuttgart, Deutschland<\/p>\n<p>Die Bereitstellung der NFC-Visitenkartenfunktion samt Kontakterfassungsformular erfolgt durch Lemontaps. Lemontaps ist in diesem Zusammenhang Auftragsverarbeiter nach Art. 28 DSGVO. Wir haben zu diesem Zwecke einen Vertrag zur Auftragsverarbeitung mit Lemontaps geschlossen. N\u00e4here Informationen zur Datenverarbeitung durch Lemontaps finden Sie unter https:\/\/docs.lemontaps.com\/legal\/Lemontaps_Datenschutzerklaerung.pdf.<\/p>\n<p>&nbsp;<\/p>\n<h4 style=\"font-weight: 400;\">4. Rechtsgrundlage f\u00fcr die Datenverarbeitung<\/h4>\n<p>Rechtsgrundlage f\u00fcr die Verarbeitung der Daten, die im Zuge des Kontakterfassungsformulars erhoben wurden, ist Art. 6 Abs. 1 lit. f DSGVO, wobei unser berechtigtes Interesse in der Kontaktpflege mit Ihnen liegt. Zielt der Kontakt auf den Abschluss eines Vertrages ab, so ist zus\u00e4tzliche Rechtsgrundlage f\u00fcr die Verarbeitung Art. 6 Abs. 1 lit. b DSGVO.<\/p>\n<p>&nbsp;<\/p>\n<h4 style=\"font-weight: 400;\">5. Dauer der Speicherung<\/h4>\n<p>Personenbezogene Daten, die \u00fcber das Formular zur Erfassung Ihrer Kontaktdaten von Ihnen bereitgestellt wurden, werden gel\u00f6scht, sobald sie f\u00fcr die Erreichung des Zwecks nicht mehr erforderlich sind. Im Falle von Art.\u00a06 Abs.\u00a01 lit.\u00a0f DSGVO erfolgt dies sp\u00e4testens mit Ihrem Widerspruch.<\/p>\n<p>&nbsp;<\/p>\n<h4 style=\"font-weight: 400;\">6. Widerspruchs- und Beseitigungsm\u00f6glichkeit<\/h4>\n<p>Sie k\u00f6nnen der Verarbeitung Ihrer personenbezogenen Daten, die wir im Rahmen der Kontaktaufnahme \u00fcber das Kontakterfassungsformular erfassen, jederzeit widersprechen und Ihre unter IV. dieser Datenschutzerkl\u00e4rung genannten Betroffenenrechte geltend machen. Senden Sie uns dazu eine formlose E-Mail an ARQIS@ARQIS.com oder wenden Sie sich an den unter II. genannten Datenschutzbeauftragten.<\/p>\n<p>&nbsp;<\/p>\n                <\/div>\n            <\/div>\n        <\/div>\n    <\/section>\n<\/div>\n\n<div id=\"txt03-block_24ff16597b8822acc236bb8bb20039bf\" class=\"txt03 zierelement-none acf\/txt03\" >\n    <section>\n        <div class=\"container position-relative\">\n\n            <div class=\"row scrollreveal\">\n                <div class=\"col-12 col-lg-8 offset-lg-1\">\n                                        <h4>Datenschutzerkl\u00e4rung \u2013 Video\u00fcberwachung<\/h4>\n<p style=\"font-weight: 400;\">Diese Datenschutzerkl\u00e4rung beschreibt, wie wir personenbezogene Daten im Falle einer Video\u00fcberwachung verarbeiten. <a href=\"https:\/\/www.arqis.com\/videoueberwachung\/\">Jetzt anzeigen<\/a><\/p>\n<p>&nbsp;<\/p>\n                <\/div>\n            <\/div>\n        <\/div>\n    <\/section>\n<\/div>","protected":false},"excerpt":{"rendered":"","protected":false},"author":35,"featured_media":0,"parent":0,"menu_order":0,"comment_status":"closed","ping_status":"closed","template":"lightpage.php","meta":{"_acf_changed":false,"footnotes":""},"class_list":["post-13366","page","type-page","status-publish","hentry"],"acf":[],"yoast_head":"<!-- This site is optimized with the Yoast SEO plugin v27.5 - https:\/\/yoast.com\/product\/yoast-seo-wordpress\/ -->\n<title>Datenschutzerkl\u00e4rung - ARQIS<\/title>\n<meta name=\"description\" content=\"Datenschutzerkl\u00e4rung. ARQIS.\" \/>\n<meta name=\"robots\" content=\"noindex, follow\" \/>\n<meta property=\"og:locale\" content=\"en_US\" \/>\n<meta property=\"og:type\" content=\"article\" \/>\n<meta property=\"og:title\" content=\"Datenschutzerkl\u00e4rung - ARQIS\" \/>\n<meta property=\"og:description\" content=\"Datenschutzerkl\u00e4rung. ARQIS.\" \/>\n<meta property=\"og:url\" content=\"https:\/\/www.arqis.com\/en\/privacy-notice\/\" \/>\n<meta property=\"og:site_name\" content=\"ARQIS\" \/>\n<meta property=\"article:modified_time\" content=\"2025-10-05T18:04:53+00:00\" \/>\n<meta name=\"twitter:card\" content=\"summary_large_image\" \/>\n<meta name=\"twitter:label1\" content=\"Est. reading time\" \/>\n\t<meta name=\"twitter:data1\" content=\"34 minutes\" \/>\n<script type=\"application\/ld+json\" class=\"yoast-schema-graph\">{\"@context\":\"https:\\\/\\\/schema.org\",\"@graph\":[{\"@type\":\"WebPage\",\"@id\":\"https:\\\/\\\/www.arqis.com\\\/datenschutzerklarung\\\/\",\"url\":\"https:\\\/\\\/www.arqis.com\\\/datenschutzerklarung\\\/\",\"name\":\"Datenschutzerkl\u00e4rung - ARQIS\",\"isPartOf\":{\"@id\":\"https:\\\/\\\/www.arqis.com\\\/#website\"},\"datePublished\":\"2021-03-30T07:41:02+00:00\",\"dateModified\":\"2025-10-05T18:04:53+00:00\",\"description\":\"Datenschutzerkl\u00e4rung. ARQIS.\",\"breadcrumb\":{\"@id\":\"https:\\\/\\\/www.arqis.com\\\/datenschutzerklarung\\\/#breadcrumb\"},\"inLanguage\":\"en-US\",\"potentialAction\":[{\"@type\":\"ReadAction\",\"target\":[\"https:\\\/\\\/www.arqis.com\\\/datenschutzerklarung\\\/\"]}]},{\"@type\":\"BreadcrumbList\",\"@id\":\"https:\\\/\\\/www.arqis.com\\\/datenschutzerklarung\\\/#breadcrumb\",\"itemListElement\":[{\"@type\":\"ListItem\",\"position\":1,\"name\":\"Home\",\"item\":\"https:\\\/\\\/www.arqis.com\\\/\"},{\"@type\":\"ListItem\",\"position\":2,\"name\":\"Datenschutzerkl\u00e4rung\"}]},{\"@type\":\"WebSite\",\"@id\":\"https:\\\/\\\/www.arqis.com\\\/#website\",\"url\":\"https:\\\/\\\/www.arqis.com\\\/\",\"name\":\"ARQIS\",\"description\":\"Law\",\"potentialAction\":[{\"@type\":\"SearchAction\",\"target\":{\"@type\":\"EntryPoint\",\"urlTemplate\":\"https:\\\/\\\/www.arqis.com\\\/?s={search_term_string}\"},\"query-input\":{\"@type\":\"PropertyValueSpecification\",\"valueRequired\":true,\"valueName\":\"search_term_string\"}}],\"inLanguage\":\"en-US\"}]}<\/script>\n<!-- \/ Yoast SEO plugin. -->","yoast_head_json":{"title":"Privacy Notice - ARQIS","description":"Datenschutzerkl\u00e4rung. ARQIS.","robots":{"index":"noindex","follow":"follow"},"og_locale":"en_US","og_type":"article","og_title":"Datenschutzerkl\u00e4rung - ARQIS","og_description":"Datenschutzerkl\u00e4rung. ARQIS.","og_url":"https:\/\/www.arqis.com\/en\/privacy-notice\/","og_site_name":"ARQIS","article_modified_time":"2025-10-05T18:04:53+00:00","twitter_card":"summary_large_image","twitter_misc":{"Est. reading time":"34 minutes"},"schema":{"@context":"https:\/\/schema.org","@graph":[{"@type":"WebPage","@id":"https:\/\/www.arqis.com\/datenschutzerklarung\/","url":"https:\/\/www.arqis.com\/datenschutzerklarung\/","name":"Privacy Notice - ARQIS","isPartOf":{"@id":"https:\/\/www.arqis.com\/#website"},"datePublished":"2021-03-30T07:41:02+00:00","dateModified":"2025-10-05T18:04:53+00:00","description":"Datenschutzerkl\u00e4rung. ARQIS.","breadcrumb":{"@id":"https:\/\/www.arqis.com\/datenschutzerklarung\/#breadcrumb"},"inLanguage":"en-US","potentialAction":[{"@type":"ReadAction","target":["https:\/\/www.arqis.com\/datenschutzerklarung\/"]}]},{"@type":"BreadcrumbList","@id":"https:\/\/www.arqis.com\/datenschutzerklarung\/#breadcrumb","itemListElement":[{"@type":"ListItem","position":1,"name":"Home","item":"https:\/\/www.arqis.com\/"},{"@type":"ListItem","position":2,"name":"Datenschutzerkl\u00e4rung"}]},{"@type":"WebSite","@id":"https:\/\/www.arqis.com\/#website","url":"https:\/\/www.arqis.com\/","name":"ARQIS","description":"Law","potentialAction":[{"@type":"SearchAction","target":{"@type":"EntryPoint","urlTemplate":"https:\/\/www.arqis.com\/?s={search_term_string}"},"query-input":{"@type":"PropertyValueSpecification","valueRequired":true,"valueName":"search_term_string"}}],"inLanguage":"en-US"}]}},"_links":{"self":[{"href":"https:\/\/www.arqis.com\/en\/wp-json\/wp\/v2\/pages\/13366","targetHints":{"allow":["GET"]}}],"collection":[{"href":"https:\/\/www.arqis.com\/en\/wp-json\/wp\/v2\/pages"}],"about":[{"href":"https:\/\/www.arqis.com\/en\/wp-json\/wp\/v2\/types\/page"}],"author":[{"embeddable":true,"href":"https:\/\/www.arqis.com\/en\/wp-json\/wp\/v2\/users\/35"}],"replies":[{"embeddable":true,"href":"https:\/\/www.arqis.com\/en\/wp-json\/wp\/v2\/comments?post=13366"}],"version-history":[{"count":16,"href":"https:\/\/www.arqis.com\/en\/wp-json\/wp\/v2\/pages\/13366\/revisions"}],"predecessor-version":[{"id":41124,"href":"https:\/\/www.arqis.com\/en\/wp-json\/wp\/v2\/pages\/13366\/revisions\/41124"}],"wp:attachment":[{"href":"https:\/\/www.arqis.com\/en\/wp-json\/wp\/v2\/media?parent=13366"}],"curies":[{"name":"wp","href":"https:\/\/api.w.org\/{rel}","templated":true}]}}